{"id":5809,"date":"2024-08-15T16:41:28","date_gmt":"2024-08-15T14:41:28","guid":{"rendered":"https:\/\/www.insa.gob.bo\/?page_id=5809"},"modified":"2025-05-08T22:30:58","modified_gmt":"2025-05-08T20:30:58","slug":"mapa-de-sitio","status":"publish","type":"page","link":"https:\/\/www.insa.gob.bo\/index.php\/mapa-de-sitio\/","title":{"rendered":"Mapa de sitio"},"content":{"rendered":"<div class=\"wsp-container\"><h2 class=\"wsp-pages-title\">P\u00e1ginas<\/h2>\n<ul class=\"wsp-pages-list\">\n<li class=\"page_item page-item-377\"><a href=\"https:\/\/www.insa.gob.bo\/index.php\/analisis-externo-oportunidades-y-amenazas\/\">An\u00e1lisis externo: Oportunidades y Amenazas<\/a><\/li>\n<li class=\"page_item page-item-369\"><a href=\"https:\/\/www.insa.gob.bo\/index.php\/analisis-interno-fortalezas-y-debilidades\/\">An\u00e1lisis interno: Fortalezas y Debilidades<\/a><\/li>\n<li class=\"page_item page-item-373\"><a href=\"https:\/\/www.insa.gob.bo\/index.php\/articulos\/\">Art\u00edculos<\/a><\/li>\n<li class=\"page_item page-item-449\"><a href=\"https:\/\/www.insa.gob.bo\/index.php\/informacion-sobre-las-areas-o-procesos-que-seran-auditados-durante-el-ano\/\">Auditor\u00edas<\/a><\/li>\n<li class=\"page_item page-item-497\"><a href=\"https:\/\/www.insa.gob.bo\/index.php\/nomina-de-autoridades\/\">Autoridad<\/a><\/li>\n<li class=\"page_item page-item-17089\"><a href=\"https:\/\/www.insa.gob.bo\/index.php\/banco-de-trabajo-de-investigacion\/\">Banco de Trabajo de Investigaci\u00f3n<\/a><\/li>\n<li class=\"page_item page-item-348\"><a href=\"https:\/\/www.insa.gob.bo\/index.php\/boletines\/\">Boletines<\/a><\/li>\n<li class=\"page_item page-item-385\"><a href=\"https:\/\/www.insa.gob.bo\/index.php\/campanas-y-actividades\/\">Campa\u00f1as y Actividades<\/a><\/li>\n<li class=\"page_item page-item-6808\"><a href=\"https:\/\/www.insa.gob.bo\/index.php\/componentes\/\">Componentes<\/a><\/li>\n<li class=\"page_item page-item-1191\"><a href=\"https:\/\/www.insa.gob.bo\/index.php\/lista-comunicados-page\/\">Comunicados<\/a><\/li>\n<li class=\"page_item page-item-16993\"><a href=\"https:\/\/www.insa.gob.bo\/index.php\/contrataciones\/\">Contrataciones<\/a><\/li>\n<li class=\"page_item page-item-17044\"><a href=\"https:\/\/www.insa.gob.bo\/index.php\/contratos\/\">Contratos<\/a><\/li>\n<li class=\"page_item page-item-389\"><a href=\"https:\/\/www.insa.gob.bo\/index.php\/listado-de-convocatorias-vigentes-de-bienes-y-servicios\/\">Convocatoria de Adquisici\u00f3n de Bienes y Servicios<\/a><\/li>\n<li class=\"page_item page-item-440\"><a href=\"https:\/\/www.insa.gob.bo\/index.php\/cpe\/\">CPE<\/a><\/li>\n<li class=\"page_item page-item-632\"><a href=\"https:\/\/www.insa.gob.bo\/index.php\/cursos-de-capacitacion\/\">Cursos de Capacitaci\u00f3n<\/a><\/li>\n<li class=\"page_item page-item-915\"><a href=\"https:\/\/www.insa.gob.bo\/index.php\/datos\/\">Datos y Estad\u00edsticas<\/a><\/li>\n<li class=\"page_item page-item-1179\"><a href=\"https:\/\/www.insa.gob.bo\/index.php\/decretos\/\">Decretos<\/a><\/li>\n<li class=\"page_item page-item-17068\"><a href=\"https:\/\/www.insa.gob.bo\/index.php\/17068-2\/\">Denuncias por Hechos de Corrupci\u00f3n<\/a><\/li>\n<li class=\"page_item page-item-560\"><a href=\"https:\/\/www.insa.gob.bo\/index.php\/dependencia\/\">Dependencia<\/a><\/li>\n<li class=\"page_item page-item-408\"><a href=\"https:\/\/www.insa.gob.bo\/index.php\/descripcion-de-convocatorias\/\">Descripci\u00f3n de convocatorias<\/a><\/li>\n<li class=\"page_item page-item-791\"><a href=\"https:\/\/www.insa.gob.bo\/index.php\/descripcion-de-las-etapas-del-proceso-como-pruebas-escritas-entrevistas-evaluaciones-etc\/\">Descripci\u00f3n de las etapas del proceso, como pruebas escritas, entrevistas, evaluaciones, etc<\/a><\/li>\n<li class=\"page_item page-item-417\"><a href=\"https:\/\/www.insa.gob.bo\/index.php\/descripcion-de-proyectos\/\">Descripci\u00f3n de proyectos<\/a><\/li>\n<li class=\"page_item page-item-625\"><a href=\"https:\/\/www.insa.gob.bo\/index.php\/direccion-de-correo-electronico-para-consultas-generales\/\">Direcci\u00f3n de correo electr\u00f3nico para consultas generales<\/a><\/li>\n<li class=\"page_item page-item-1106\"><a href=\"https:\/\/www.insa.gob.bo\/index.php\/lista-direcciones-page\/\">Direcciones<\/a><\/li>\n<li class=\"page_item page-item-661\"><a href=\"https:\/\/www.insa.gob.bo\/index.php\/direcciones-de-correo-electronico-institucional-de-contacto-para-cada-funcionario\/\">Direcciones de correo electr\u00f3nico institucional de contacto para cada funcionario<\/a><\/li>\n<li class=\"page_item page-item-637\"><a href=\"https:\/\/www.insa.gob.bo\/index.php\/direcciones-de-la-oficina-central-y-oficinas-regionales\/\">Direcciones de la oficina central y oficinas regionales<\/a><\/li>\n<li class=\"page_item page-item-332\"><a href=\"https:\/\/www.insa.gob.bo\/index.php\/directorio-de-autoridades\/\">Directorio de autoridades<\/a><\/li>\n<li class=\"page_item page-item-909\"><a href=\"https:\/\/www.insa.gob.bo\/index.php\/documentos-de-convocatoria-2\/\">Documentos de Convocatoria<\/a><\/li>\n<li class=\"page_item page-item-553\"><a href=\"https:\/\/www.insa.gob.bo\/index.php\/ejecucion-presupuestaria-por-categoria-programatica\/\">Ejecuci\u00f3n presupuestaria por categor\u00eda program\u00e1tica<\/a><\/li>\n<li class=\"page_item page-item-573\"><a href=\"https:\/\/www.insa.gob.bo\/index.php\/ejecucion-presupuestaria-por-fuente-de-financiamiento\/\">Ejecuci\u00f3n presupuestaria por fuente de financiamiento<\/a><\/li>\n<li class=\"page_item page-item-569\"><a href=\"https:\/\/www.insa.gob.bo\/index.php\/ejecucion-presupuestaria-por-grupo-de-gasto\/\">Ejecuci\u00f3n presupuestaria por grupo de gasto<\/a><\/li>\n<li class=\"page_item page-item-561\"><a href=\"https:\/\/www.insa.gob.bo\/index.php\/ejecucion-presupuestaria-por-unidad-organizacional\/\">Ejecuci\u00f3n presupuestaria por unidad organizacional<\/a><\/li>\n<li class=\"page_item page-item-605\"><a href=\"https:\/\/www.insa.gob.bo\/index.php\/enlaces-de-interes\/\">Enlaces de Inter\u00e9s<\/a><\/li>\n<li class=\"page_item page-item-529\"><a href=\"https:\/\/www.insa.gob.bo\/index.php\/escala-salarial\/\">Escala Salarial<\/a><\/li>\n<li class=\"page_item page-item-919\"><a href=\"https:\/\/www.insa.gob.bo\/index.php\/estadisticas\/\">Estad\u00edsticas<\/a><\/li>\n<li class=\"page_item page-item-684\"><a href=\"https:\/\/www.insa.gob.bo\/index.php\/explicacion-del-proceso-de-seleccion-que-se-llevara-a-cabo-para-cubrir-las-vacantes\/\">Explicaci\u00f3n del proceso de selecci\u00f3n que se llevara a cabo para cubrir las vacantes<\/a><\/li>\n<li class=\"page_item page-item-21682\"><a href=\"https:\/\/www.insa.gob.bo\/index.php\/flujos-de-procesos\/\">Flujos de Procesos<\/a><\/li>\n<li class=\"page_item page-item-673\"><a href=\"https:\/\/www.insa.gob.bo\/index.php\/formulario-de-contacto\/\">Formulario de Contacto<\/a><\/li>\n<li class=\"page_item page-item-677\"><a href=\"https:\/\/www.insa.gob.bo\/index.php\/formulario-de-denuncias\/\">Formulario de Denuncias por Hechos de Corrupci\u00f3n<\/a><\/li>\n<li class=\"page_item page-item-828\"><a href=\"https:\/\/www.insa.gob.bo\/index.php\/formulario-de-inscripcion\/\">Formulario de inscripci\u00f3n<\/a><\/li>\n<li class=\"page_item page-item-17076\"><a href=\"https:\/\/www.insa.gob.bo\/index.php\/formulario-de-solicitud-de-informacion\/\">Formulario de Solicitud de Informaci\u00f3n<\/a><\/li>\n<li class=\"page_item page-item-301\"><a href=\"https:\/\/www.insa.gob.bo\/index.php\/fotografias\/\">Fotograf\u00edas<\/a><\/li>\n<li class=\"page_item page-item-609\"><a href=\"https:\/\/www.insa.gob.bo\/index.php\/funciones-y-atribuciones\/\">Funciones y atribuciones<\/a><\/li>\n<li class=\"page_item page-item-8169\"><a href=\"https:\/\/www.insa.gob.bo\/index.php\/galeria-multimedia\/\">Galer\u00eda Multimedia<\/a><\/li>\n<li class=\"page_item page-item-13880\"><a href=\"https:\/\/www.insa.gob.bo\/index.php\/lista-herramientas-page\/\">Herramientas y Servicios Digitales<\/a><\/li>\n<li class=\"page_item page-item-649\"><a href=\"https:\/\/www.insa.gob.bo\/index.php\/horario-de-atencion-al-publico\/\">Horario de atenci\u00f3n al p\u00fablico<\/a><\/li>\n<li class=\"page_item page-item-313\"><a href=\"https:\/\/www.insa.gob.bo\/index.php\/informes\/\">Informes<\/a><\/li>\n<li class=\"page_item page-item-17082\"><a href=\"https:\/\/www.insa.gob.bo\/index.php\/informes-de-viaje-al-exterior\/\">Informes de Viaje al Exterior<\/a><\/li>\n<li class=\"page_item page-item-601\"><a href=\"https:\/\/www.insa.gob.bo\/index.php\/informes-periodicos-sobre-el-avance-y-cumplimiento-de-los-contratos-adjudicados\/\">Informes peri\u00f3dicos sobre el avance y cumplimiento de los contratos adjudicados<\/a><\/li>\n<li class=\"page_item page-item-460\"><a href=\"https:\/\/www.insa.gob.bo\/index.php\/leyes\/\">Leyes<\/a><\/li>\n<li class=\"page_item page-item-22377\"><a href=\"https:\/\/www.insa.gob.bo\/index.php\/libros\/\">Libros<\/a><\/li>\n<li class=\"page_item page-item-589\"><a href=\"https:\/\/www.insa.gob.bo\/index.php\/linea-del-tiempo-que-muestra-las-fases-del-proceso-de-contratacion\/\">Linea del tiempo que muestra las fases del proceso de contrataci\u00f3n<\/a><\/li>\n<li class=\"page_item page-item-585\"><a href=\"https:\/\/www.insa.gob.bo\/index.php\/lista-de-contratos-adjudicados-de-bienes\/\">Lista de contratos adjudicados de bienes<\/a><\/li>\n<li class=\"page_item page-item-796\"><a href=\"https:\/\/www.insa.gob.bo\/index.php\/lista-de-documentos-y-requisitos-necesarios-para-participar-en-las-convocatorias\/\">Lista de documentos y requisitos necesarios para  participar en las convocatorias<\/a><\/li>\n<li class=\"page_item page-item-672\"><a href=\"https:\/\/www.insa.gob.bo\/index.php\/listado-de-convocatorias-abiertas-o-proximas-a-abrirse-para-distintos-puesto-y-cargos-dentro-de-la-entidad-estatal\/\">Listado de convocatorias abiertas o pr\u00f3ximas a abrirse para distintos puesto y cargos dentro de la entidad estatal<\/a><\/li>\n<li class=\"page_item page-item-653\"><a href=\"https:\/\/www.insa.gob.bo\/index.php\/listado-de-internos-por-unidad-organizacional\/\">Listado de internos por unidad organizacional<\/a><\/li>\n<li class=\"page_item page-item-537\"><a href=\"https:\/\/www.insa.gob.bo\/index.php\/manual-de-organizacion\/\">Manual de Organizaci\u00f3n Funcional (MOF)<\/a><\/li>\n<li class=\"page_item page-item-617\"><a href=\"https:\/\/www.insa.gob.bo\/index.php\/manuales-de-procedimiento\/\">Manuales de Procedimientos<\/a><\/li>\n<li class=\"page_item page-item-5809\"><a href=\"https:\/\/www.insa.gob.bo\/index.php\/mapa-de-sitio\/\">Mapa de sitio<\/a><\/li>\n<li class=\"page_item page-item-641\"><a href=\"https:\/\/www.insa.gob.bo\/index.php\/mapa-de-ubicacion-central-y-sucursales\/\">Mapa de ubicaci\u00f3n central y sucursales<\/a><\/li>\n<li class=\"page_item page-item-493\"><a href=\"https:\/\/www.insa.gob.bo\/index.php\/memoria-intitucional\/\">Memoria Institucional<\/a><\/li>\n<li class=\"page_item page-item-309\"><a href=\"https:\/\/www.insa.gob.bo\/index.php\/declaracion-de-la-mision-vision-valores-y-principios-de-la-entidad\/\">Misi\u00f3n, Visi\u00f3n, Valores y Principios<\/a><\/li>\n<li class=\"page_item page-item-308\"><a href=\"https:\/\/www.insa.gob.bo\/index.php\/multimedia\/\">Multimedia<\/a><\/li>\n<li class=\"page_item page-item-581\"><a href=\"https:\/\/www.insa.gob.bo\/index.php\/nomina-de-empresas-que-se-adjudicaron-procesos-de-contratacion-de-bienes\/\">N\u00f3mina de empresas que se adjudicaron procesos de contrataci\u00f3n de bienes<\/a><\/li>\n<li class=\"page_item page-item-516\"><a href=\"https:\/\/www.insa.gob.bo\/index.php\/nomina-de-servidores-publicos\/\">N\u00f3mina de Servidores P\u00fablicos<\/a><\/li>\n<li class=\"page_item page-item-13276\"><a href=\"https:\/\/www.insa.gob.bo\/index.php\/normativa-externa\/\">Normativa Nacional<\/a><\/li>\n<li class=\"page_item page-item-297\"><a href=\"https:\/\/www.insa.gob.bo\/index.php\/comunicados-de-prensa\/\">Notas de Prensa<\/a><\/li>\n<li class=\"page_item page-item-633\"><a href=\"https:\/\/www.insa.gob.bo\/index.php\/numero-de-telefono-para-contacto-general\/\">N\u00famero de tel\u00e9fono para contacto general<\/a><\/li>\n<li class=\"page_item page-item-596\"><a href=\"https:\/\/www.insa.gob.bo\/index.php\/objetivo-del-area-o-unidad-organizacional\/\">Objetivo del \u00e1rea o unidad organizacional<\/a><\/li>\n<li class=\"page_item page-item-328\"><a href=\"https:\/\/www.insa.gob.bo\/index.php\/descripcion-de-los-objetivos-y-funciones-principales-de-la-entidad-2\/\">Objetivos Institucionales<\/a><\/li>\n<li class=\"page_item page-item-648\"><a href=\"https:\/\/www.insa.gob.bo\/index.php\/oportunidad-de-empleo\/\">Oportunidad de Empleo<\/a><\/li>\n<li class=\"page_item page-item-6919\"><a href=\"https:\/\/www.insa.gob.bo\/index.php\/personal\/\">Organigrama<\/a><\/li>\n<li class=\"page_item page-item-1089\"><a href=\"https:\/\/www.insa.gob.bo\/index.php\/lista-notas-prensa-page\/\">P\u00e1gina lista de Notas de prensa (Template)<\/a><\/li>\n<li class=\"page_item page-item-613\"><a href=\"https:\/\/www.insa.gob.bo\/index.php\/perfiles-de-cargo\/\">Perfiles de Cargo<\/a><\/li>\n<li class=\"page_item page-item-660\"><a href=\"https:\/\/www.insa.gob.bo\/index.php\/perfiles-requeridos\/\">Perfiles requeridos<\/a><\/li>\n<li class=\"page_item page-item-421\"><a href=\"https:\/\/www.insa.gob.bo\/index.php\/plan-de-trabajo-y-cronograma-de-los-proyectos\/\">Plan de trabajo y cronograma de los proyectos<\/a><\/li>\n<li class=\"page_item page-item-401\"><a href=\"https:\/\/www.insa.gob.bo\/index.php\/pei-descargable\/\">Plan Estrat\u00e9gico Institucional (PEI)<\/a><\/li>\n<li class=\"page_item page-item-624\"><a href=\"https:\/\/www.insa.gob.bo\/index.php\/poais\/\">Plan Operativo Anual Individual (POAI) \/ Perfil de Cargo<\/a><\/li>\n<li class=\"page_item page-item-3\"><a href=\"https:\/\/www.insa.gob.bo\/index.php\/politica-privacidad\/\">Pol\u00edtica de privacidad<\/a><\/li>\n<li class=\"page_item page-item-665\"><a href=\"https:\/\/www.insa.gob.bo\/index.php\/preguntas-y-respuestas-frecuentes-relacionadas-con-el-contacto-con-la-entidad-estatal\/\">Preguntas y respuestas frecuentes relacionadas con el contacto con la entidad estatal.<\/a><\/li>\n<li class=\"page_item page-item-505\"><a href=\"https:\/\/www.insa.gob.bo\/index.php\/presupuesto-actual-aprobado\/\">Presupuesto actual aprobado<\/a><\/li>\n<li class=\"page_item page-item-509\"><a href=\"https:\/\/www.insa.gob.bo\/index.php\/presupuesto-aprobado-por-categoria-programatica\/\">Presupuesto aprobado por categor\u00eda program\u00e1tica<\/a><\/li>\n<li class=\"page_item page-item-521\"><a href=\"https:\/\/www.insa.gob.bo\/index.php\/presupuesto-aprobado-por-grupo-de-gastos\/\">Presupuesto aprobado por grupo de gastos<\/a><\/li>\n<li class=\"page_item page-item-541\"><a href=\"https:\/\/www.insa.gob.bo\/index.php\/presupuesto-aprobado-por-unidad-organizacional\/\">Presupuesto aprobado por unidad organizacional<\/a><\/li>\n<li class=\"page_item page-item-517\"><a href=\"https:\/\/www.insa.gob.bo\/index.php\/presupuesto-aprobado-unidad-organizacional\/\">Presupuesto aprobado unidad organizacional<\/a><\/li>\n<li class=\"page_item page-item-393\"><a href=\"https:\/\/www.insa.gob.bo\/index.php\/presupuesto-de-las-estrategias-intitucionales\/\">Presupuesto Institucional<\/a><\/li>\n<li class=\"page_item page-item-533\"><a href=\"https:\/\/www.insa.gob.bo\/index.php\/presupuesto-por-categoria-programatica\/\">Presupuesto por categor\u00eda program\u00e1tica<\/a><\/li>\n<li class=\"page_item page-item-525\"><a href=\"https:\/\/www.insa.gob.bo\/index.php\/presupuesto-por-fuente-de-financiamiento\/\">Presupuesto por fuente de financiamiento<\/a><\/li>\n<li class=\"page_item page-item-18890\"><a href=\"https:\/\/www.insa.gob.bo\/index.php\/programacion-operativo-anual-poa\/\">Programaci\u00f3n Operativo Anual (POA)<\/a><\/li>\n<li class=\"page_item page-item-409\"><a href=\"https:\/\/www.insa.gob.bo\/index.php\/programas-y-proyectos-de-inversion\/\">Programas y Proyectos de Inversi\u00f3n<\/a><\/li>\n<li class=\"page_item page-item-19440\"><a href=\"https:\/\/www.insa.gob.bo\/index.php\/proveedores\/\">Proveedores<\/a><\/li>\n<li class=\"page_item page-item-991\"><a href=\"https:\/\/www.insa.gob.bo\/index.php\/redes-sociales-y-medios-de-comunicacion\/\">Redes sociales y medios de comunicaci\u00f3n<\/a><\/li>\n<li class=\"page_item page-item-472\"><a href=\"https:\/\/www.insa.gob.bo\/index.php\/reglamentos\/\">Reglamentos externos<\/a><\/li>\n<li class=\"page_item page-item-933\"><a href=\"https:\/\/www.insa.gob.bo\/index.php\/reglamentos-internos\/\">Reglamentos Internos<\/a><\/li>\n<li class=\"page_item page-item-13274\"><a href=\"https:\/\/www.insa.gob.bo\/index.php\/normativa-interna\/\">Reglamentos Vigentes<\/a><\/li>\n<li class=\"page_item page-item-17073\"><a href=\"https:\/\/www.insa.gob.bo\/index.php\/rendicion-publica-de-cuentas\/\">Rendici\u00f3n P\u00fablica de Cuentas<\/a><\/li>\n<li class=\"page_item page-item-432\"><a href=\"https:\/\/www.insa.gob.bo\/index.php\/reportes-de-estadisticas\/\">Reportes de estadisticas<\/a><\/li>\n<li class=\"page_item page-item-321\"><a href=\"https:\/\/www.insa.gob.bo\/index.php\/breve-historia-o-resena-sobre-la-creacion-y-evolucion-de-la-entidad\/\">Rese\u00f1a Hist\u00f3rica<\/a><\/li>\n<li class=\"page_item page-item-397\"><a href=\"https:\/\/www.insa.gob.bo\/index.php\/resolucion-ministerial\/\">Resoluci\u00f3n Ministerial<\/a><\/li>\n<li class=\"page_item page-item-477\"><a href=\"https:\/\/www.insa.gob.bo\/index.php\/resoluciones\/\">Resoluciones<\/a><\/li>\n<li class=\"page_item page-item-428\"><a href=\"https:\/\/www.insa.gob.bo\/index.php\/resportes\/\">Resportes<\/a><\/li>\n<li class=\"page_item page-item-365\"><a href=\"https:\/\/www.insa.gob.bo\/index.php\/revistas\/\">Revistas<\/a><\/li>\n<li class=\"page_item page-item-21672\"><a href=\"https:\/\/www.insa.gob.bo\/index.php\/seguimiento-y-evaluacion-al-poa\/\">Seguimiento y Evaluaci\u00f3n al POA<\/a><\/li>\n<li class=\"page_item page-item-4351\"><a href=\"https:\/\/www.insa.gob.bo\/index.php\/lista-servicios-page\/\">Servicios<\/a><\/li>\n<li class=\"page_item page-item-568\"><a href=\"https:\/\/www.insa.gob.bo\/index.php\/supervision-sobre\/\">Supervisi\u00f3n sobre<\/a><\/li>\n<li class=\"page_item page-item-11701\"><a href=\"https:\/\/www.insa.gob.bo\/index.php\/terminos-y-condiciones\/\">T\u00e9rminos y Condiciones de Uso de la P\u00e1gina Web Institucional<\/a><\/li>\n<li class=\"page_item page-item-1088\"><a href=\"https:\/\/www.insa.gob.bo\/index.php\/lista-tramites-page\/\">Tr\u00e1mites<\/a><\/li>\n<li class=\"page_item page-item-448\"><a href=\"https:\/\/www.insa.gob.bo\/index.php\/tratados-internacionales\/\">Tratados internacionales<\/a><\/li>\n<\/ul>\n<h2 class=\"wsp-posts-title\">Posts por categor\u00eda<\/h2>\n<ul class=\"wsp-posts-list\">\n\t<li><strong class=\"wsp-category-title\">Category: <a href=\"https:\/\/www.insa.gob.bo\/index.php\/category\/sin-categoria\/\">Sin categor\u00eda<\/a><\/strong>\n<ul class=\"wsp-posts-list\">\t\t<li class=\"wsp-post\"><a href=\"https:\/\/www.insa.gob.bo\/index.php\/2024\/03\/28\/hola-mundo\/\">\u00a1Hola, mundo!<\/a><\/li>\n<\/ul><\/li>\n<\/ul>\n<h2 class=\"wsp-tramitev2s-title\">Tramites v2<\/h2>\n<ul class=\"wsp-tramitev2s-list\">\n<li><a href=\"https:\/\/www.insa.gob.bo\/index.php\/tramitev2\/certificado-de-capacitacion-tecnologica\/\">Certificado de Capacitaci\u00f3n Tecnol\u00f3gica<\/a><\/li>\n<\/ul>\n<h2 class=\"wsp-tramites-title\">Tramites<\/h2>\n<ul class=\"wsp-tramites-list\">\n<li><a href=\"https:\/\/www.insa.gob.bo\/index.php\/tramite\/tramite1\/\">Tramite 1<\/a><\/li>\n<li><a href=\"https:\/\/www.insa.gob.bo\/index.php\/tramite\/plan-institucional-de-implementacion-de-gobierno-electronico\/\">Tramite 2<\/a><\/li>\n<li><a href=\"https:\/\/www.insa.gob.bo\/index.php\/tramite\/ciudadania-digital\/\">Tramite 3<\/a><\/li>\n<li><a href=\"https:\/\/www.insa.gob.bo\/index.php\/tramite\/pislea\/\">Tramite 4<\/a><\/li>\n<li><a href=\"https:\/\/www.insa.gob.bo\/index.php\/tramite\/1039\/\">Tramite 5<\/a><\/li>\n<\/ul>\n<h2 class=\"wsp-servicios-title\">Servicios<\/h2>\n<ul class=\"wsp-servicios-list\">\n<li><a href=\"https:\/\/www.insa.gob.bo\/index.php\/servicio\/concientizacion-en-ciberseguridad\/\">Concientizaci\u00f3n en Ciberseguridad<\/a><\/li>\n<li><a href=\"https:\/\/www.insa.gob.bo\/index.php\/servicio\/integracion-de-pasarela-de-pagos-del-estado\/\">Integraci\u00f3n de Pasarela de Pagos del Estado<\/a><\/li>\n<li><a href=\"https:\/\/www.insa.gob.bo\/index.php\/servicio\/alertas-y-avisos-de-seguridad-informatica\/\">Alertas y avisos de seguridad inform\u00e1tica<\/a><\/li>\n<li><a href=\"https:\/\/www.insa.gob.bo\/index.php\/servicio\/integracion-de-servicio-de-emision-de-facturas-electronicas\/\">Integraci\u00f3n de Servicio de Emisi\u00f3n de Facturas Electr\u00f3nicas<\/a><\/li>\n<li><a href=\"https:\/\/www.insa.gob.bo\/index.php\/servicio\/integracion-de-mecanismos-de-ciudadania-digital\/\">Integraci\u00f3n de Mecanismos de Ciudadan\u00eda Digital<\/a><\/li>\n<\/ul>\n<h2 class=\"wsp-presupuestos-title\">Presupuesto<\/h2>\n<ul class=\"wsp-presupuestos-list\">\n<li><a href=\"https:\/\/www.insa.gob.bo\/index.php\/presupuesto\/presupuesto-institucional-2025\/\">Presupuesto Institucional 2025<\/a><\/li>\n<li><a href=\"https:\/\/www.insa.gob.bo\/index.php\/presupuesto\/presupuesto-institucional-2024\/\">Presupuesto Institucional 2024<\/a><\/li>\n<li><a href=\"https:\/\/www.insa.gob.bo\/index.php\/presupuesto\/presupuesto-institucional-2023\/\">Presupuesto Institucional 2023<\/a><\/li>\n<li><a href=\"https:\/\/www.insa.gob.bo\/index.php\/presupuesto\/ejecucion-presupuestaria-2022\/\">Ejecuci\u00f3n Presupuestaria 2022<\/a><\/li>\n<li><a href=\"https:\/\/www.insa.gob.bo\/index.php\/presupuesto\/presupuesto-institucional-2022\/\">Presupuesto Institucional 2022<\/a><\/li>\n<li><a href=\"https:\/\/www.insa.gob.bo\/index.php\/presupuesto\/lorem-titulo-del-presupuesto-institucional\/\">Presupuesto Institucional 2021<\/a><\/li>\n<li><a href=\"https:\/\/www.insa.gob.bo\/index.php\/presupuesto\/balance-general-2019\/\">Balance General 2019<\/a><\/li>\n<li><a href=\"https:\/\/www.insa.gob.bo\/index.php\/presupuesto\/balance-general-2018\/\">Balance General 2018<\/a><\/li>\n<li><a href=\"https:\/\/www.insa.gob.bo\/index.php\/presupuesto\/balance-general-2017\/\">Balance General 2017<\/a><\/li>\n<li><a href=\"https:\/\/www.insa.gob.bo\/index.php\/presupuesto\/balance-general-2016\/\">Balance General 2016<\/a><\/li>\n<li><a href=\"https:\/\/www.insa.gob.bo\/index.php\/presupuesto\/presupuesto-institucional-2015\/\">Presupuesto Institucional 2015<\/a><\/li>\n<li><a href=\"https:\/\/www.insa.gob.bo\/index.php\/presupuesto\/balance-general-2015\/\">Balance General 2015<\/a><\/li>\n<li><a href=\"https:\/\/www.insa.gob.bo\/index.php\/presupuesto\/balance-general-2014\/\">Balance General 2014<\/a><\/li>\n<li><a href=\"https:\/\/www.insa.gob.bo\/index.php\/presupuesto\/presupuesto-institucional-2014\/\">Presupuesto Institucional 2014<\/a><\/li>\n<li><a href=\"https:\/\/www.insa.gob.bo\/index.php\/presupuesto\/balance-general-2013\/\">Balance General 2013<\/a><\/li>\n<\/ul>\n<h2 class=\"wsp-auditorias-title\">Auditorias<\/h2>\n<ul class=\"wsp-auditorias-list\">\n<li><a href=\"https:\/\/www.insa.gob.bo\/index.php\/auditoria\/insa-dge-uai-inf-n0003-26\/\">INSA\/DGE\/UAI\/INF\/N\u00b00003\/26<\/a><\/li>\n<li><a href=\"https:\/\/www.insa.gob.bo\/index.php\/auditoria\/insa-dge-uai-inf-n0001-26\/\">INSA\/DGE\/UAI\/INF\/N\u00b00001\/26<\/a><\/li>\n<li><a href=\"https:\/\/www.insa.gob.bo\/index.php\/auditoria\/insa-dge-uai-inf-n0062-2025\/\">INSA\/DGE\/UAI\/INF\/N\u00b00062\/2025<\/a><\/li>\n<li><a href=\"https:\/\/www.insa.gob.bo\/index.php\/auditoria\/insa-dge-uai-inf-n0059-2025\/\">INSA\/DGE\/UAI\/INF\/N\u00b00059\/2025<\/a><\/li>\n<li><a href=\"https:\/\/www.insa.gob.bo\/index.php\/auditoria\/insa-dge-uai-inf-n0058-2025\/\">INSA\/DGE\/UAI\/INF\/N\u00b00058\/2025<\/a><\/li>\n<li><a href=\"https:\/\/www.insa.gob.bo\/index.php\/auditoria\/insa-dge-uai-inf-n0057-2025\/\">INSA\/DGE\/UAI\/INF\/N\u00b00057\/2025<\/a><\/li>\n<li><a href=\"https:\/\/www.insa.gob.bo\/index.php\/auditoria\/insa-dge-uai-inf-n0055-2025\/\">INSA\/DGE\/UAI\/INF\/N\u00b00055\/2025<\/a><\/li>\n<li><a href=\"https:\/\/www.insa.gob.bo\/index.php\/auditoria\/insa-dge-uai-inf-n-0053-2025\/\">INSA\/DGE\/UAI\/INF\/N\u00b00053\/2025<\/a><\/li>\n<li><a href=\"https:\/\/www.insa.gob.bo\/index.php\/auditoria\/insa-dge-uai-inf-n0043-2025\/\">INSA\/DGE\/UAI\/INF\/N\u00b00043\/2025<\/a><\/li>\n<li><a href=\"https:\/\/www.insa.gob.bo\/index.php\/auditoria\/insa-dge-uai-inf-n0036-2025\/\">INSA\/DGE\/UAI\/INF\/N\u00b00036\/2025<\/a><\/li>\n<li><a href=\"https:\/\/www.insa.gob.bo\/index.php\/auditoria\/insa-dge-uai-inf-n0034-2025\/\">INSA\/DGE\/UAI\/INF\/N\u00b00034\/2025<\/a><\/li>\n<li><a href=\"https:\/\/www.insa.gob.bo\/index.php\/auditoria\/insa-dge-uai-inf-n0027-2025\/\">INSA\/DGE\/UAI\/INF\/N\u00b00027\/2025<\/a><\/li>\n<li><a href=\"https:\/\/www.insa.gob.bo\/index.php\/auditoria\/insa-dge-uai-inf-n0016-2025\/\">INSA\/DGE\/UAI\/INF\/N\u00b00016\/2025<\/a><\/li>\n<li><a href=\"https:\/\/www.insa.gob.bo\/index.php\/auditoria\/insa-dge-uai-inf-n0015-2025\/\">INSA\/DGE\/UAI\/INF\/N\u00b00015\/2025<\/a><\/li>\n<li><a href=\"https:\/\/www.insa.gob.bo\/index.php\/auditoria\/insa-dge-uai-inf-n0012-2025\/\">INSA\/DGE\/UAI\/INF\/N\u00b00012\/2025<\/a><\/li>\n<li><a href=\"https:\/\/www.insa.gob.bo\/index.php\/auditoria\/insa-dge-uai-inf-n0011-2025\/\">INSA\/DGE\/UAI\/INF\/N\u00b00011\/2025<\/a><\/li>\n<li><a href=\"https:\/\/www.insa.gob.bo\/index.php\/auditoria\/insa-dge-uai-inf-n0009-2025\/\">INSA\/DGE\/UAI\/INF\/N\u00b00009\/2025<\/a><\/li>\n<li><a href=\"https:\/\/www.insa.gob.bo\/index.php\/auditoria\/insa-dge-uai-inf-n0005-2025\/\">INSA\/DGE\/UAI\/INF\/N\u00b00005\/2025<\/a><\/li>\n<li><a href=\"https:\/\/www.insa.gob.bo\/index.php\/auditoria\/insa-dge-uai-inf-n0054-2024\/\">INSA\/DGE\/UAI\/INF\/N\u00b00054\/2024<\/a><\/li>\n<li><a href=\"https:\/\/www.insa.gob.bo\/index.php\/auditoria\/insa-dge-uai-inf-n0053-2024\/\">INSA\/DGE\/UAI\/INF\/N\u00b00053\/2024<\/a><\/li>\n<li><a href=\"https:\/\/www.insa.gob.bo\/index.php\/auditoria\/insa-dge-uai-inf-n0038-24\/\">INSA\/DGE\/UAI\/INF\/N\u00b00038\/2024<\/a><\/li>\n<li><a href=\"https:\/\/www.insa.gob.bo\/index.php\/auditoria\/insa-dge-uai-inf-n0043-2024\/\">INSA\/DGE\/UAI\/INF\/N\u00b00043\/2024<\/a><\/li>\n<li><a href=\"https:\/\/www.insa.gob.bo\/index.php\/auditoria\/insa-dge-uai-inf-n0037-24\/\">INSA\/DGE\/UAI\/INF\/N\u00b00037\/2024<\/a><\/li>\n<li><a href=\"https:\/\/www.insa.gob.bo\/index.php\/auditoria\/insa-dge-aui-inf-n0033-2024\/\">INSA\/DGE\/AUI\/INF\/N\u00b00033\/2024<\/a><\/li>\n<li><a href=\"https:\/\/www.insa.gob.bo\/index.php\/auditoria\/insa-dge-aui-inf-n0014-2024\/\">INSA\/DGE\/AUI\/INF\/N\u00b00014\/2024<\/a><\/li>\n<li><a href=\"https:\/\/www.insa.gob.bo\/index.php\/auditoria\/insa-dge-aui-inf-n0005-2024\/\">INSA\/DGE\/AUI\/INF\/N\u00b00005\/2024<\/a><\/li>\n<li><a href=\"https:\/\/www.insa.gob.bo\/index.php\/auditoria\/insa-dge-uai-inf-n0036-2023\/\">INSA\/DGE\/UAI\/INF\/N\u00b00036\/2023<\/a><\/li>\n<li><a href=\"https:\/\/www.insa.gob.bo\/index.php\/auditoria\/insa-dge-uai-inf-n0035-2023\/\">INSA\/DGE\/UAI\/INF\/N\u00b00035\/2023<\/a><\/li>\n<li><a href=\"https:\/\/www.insa.gob.bo\/index.php\/auditoria\/insa-dge-uai-inf-n-0034-2023\/\">INSA\/DGE\/UAI\/INF\/N\u00b0 0034\/2023<\/a><\/li>\n<li><a href=\"https:\/\/www.insa.gob.bo\/index.php\/auditoria\/insa-ai-inf-005-2023\/\">INSA\/AI\/INF\/005\/2023<\/a><\/li>\n<li><a href=\"https:\/\/www.insa.gob.bo\/index.php\/auditoria\/insa-dge-uai-inf-n-0001-2023\/\">INSA\/DGE\/UAI\/INF\/N\u00b0 0001\/2023<\/a><\/li>\n<li><a href=\"https:\/\/www.insa.gob.bo\/index.php\/auditoria\/insa-dge-uai-inf-n-0004-22\/\">INSA\/DGE\/UAI\/INF\/N\u00b0 0004\/2022<\/a><\/li>\n<li><a href=\"https:\/\/www.insa.gob.bo\/index.php\/auditoria\/insa-dge-uai-inf-n-0001-2022\/\">INSA\/DGE\/UAI\/INF\/N\u00b0 0001\/2022<\/a><\/li>\n<li><a href=\"https:\/\/www.insa.gob.bo\/index.php\/auditoria\/insa-ai-conf-n001-2022\/\">INSA\/AI\/CONF\/N\u00b0001\/2022<\/a><\/li>\n<li><a href=\"https:\/\/www.insa.gob.bo\/index.php\/auditoria\/insa-ai-conf-n-002-2022\/\">INSA\/AI\/CONF\/N 002\/2022<\/a><\/li>\n<li><a href=\"https:\/\/www.insa.gob.bo\/index.php\/auditoria\/insa-ai-seg-n-001-2022\/\">INSA\/AI\/SEG\/N 001\/2022<\/a><\/li>\n<li><a href=\"https:\/\/www.insa.gob.bo\/index.php\/auditoria\/insa-ai-seg-no-002-2022\/\">INSA\/AI\/SEG\/No 002\/2022<\/a><\/li>\n<li><a href=\"https:\/\/www.insa.gob.bo\/index.php\/auditoria\/insa-ai-seg-no-003-2022\/\">INSA\/AI\/SEG\/No 003\/2022<\/a><\/li>\n<li><a href=\"https:\/\/www.insa.gob.bo\/index.php\/auditoria\/insa-ai-seg-no-004-2022\/\">INSA\/AI\/SEG\/No 004\/2022<\/a><\/li>\n<li><a href=\"https:\/\/www.insa.gob.bo\/index.php\/auditoria\/insa-ai-inf-int-n-001-2021\/\">INSA\/AI\/INF-INT\/N\u00b0 001\/2021<\/a><\/li>\n<li><a href=\"https:\/\/www.insa.gob.bo\/index.php\/auditoria\/insa-ai-inf-int-n-002-2021\/\">INSA\/AI\/INF-INT\/N\u00b0 002\/2021<\/a><\/li>\n<li><a href=\"https:\/\/www.insa.gob.bo\/index.php\/auditoria\/poa-2022\/\">POA 2022<\/a><\/li>\n<li><a href=\"https:\/\/www.insa.gob.bo\/index.php\/auditoria\/insa-ai-conf-n-003-2021\/\">INSA\/AI\/CONF\/N\u00b0 003\/2021<\/a><\/li>\n<li><a href=\"https:\/\/www.insa.gob.bo\/index.php\/auditoria\/insa-ai-act-n-002-2021\/\">INSA\/AI\/ACT\/N\u00b0 002\/2021<\/a><\/li>\n<li><a href=\"https:\/\/www.insa.gob.bo\/index.php\/auditoria\/insa-ai-seg-no-002-2021\/\">INSA\/AI\/SEG\/N\u00ba 002\/2021<\/a><\/li>\n<li><a href=\"https:\/\/www.insa.gob.bo\/index.php\/auditoria\/insa-ai-seg-no-001-2021\/\">INSA\/AI\/SEG\/N\u00ba 001\/2021<\/a><\/li>\n<li><a href=\"https:\/\/www.insa.gob.bo\/index.php\/auditoria\/insa-ai-conf-n-002-2021\/\">INSA\/AI\/CONF\/N\u00b0 002\/2021<\/a><\/li>\n<li><a href=\"https:\/\/www.insa.gob.bo\/index.php\/auditoria\/insa-ai-conf-n-001-2021\/\">INSA\/AI\/CONF\/N\u00b0 001\/2021<\/a><\/li>\n<li><a href=\"https:\/\/www.insa.gob.bo\/index.php\/auditoria\/insa-ai-act-n-001-2021\/\">INSA\/AI\/ACT\/N\u00b0 001\/2021<\/a><\/li>\n<li><a href=\"https:\/\/www.insa.gob.bo\/index.php\/auditoria\/insa-ai-esp-n-002-2020\/\">INSA\/AI\/ESP\/N\u00b0 002\/2020<\/a><\/li>\n<li><a href=\"https:\/\/www.insa.gob.bo\/index.php\/auditoria\/insa-ai-esp-n-001-2020\/\">INSA\/AI\/ESP\/N\u00b0 001\/2020<\/a><\/li>\n<li><a href=\"https:\/\/www.insa.gob.bo\/index.php\/auditoria\/insa-ai-rlv-n-003-2020\/\">INSA\/AI\/RLV\/N\u00b0 003\/2020<\/a><\/li>\n<li><a href=\"https:\/\/www.insa.gob.bo\/index.php\/auditoria\/insa-ai-oper-n-001-2020\/\">INSA\/AI\/OPER\/N\u00b0 001\/2020<\/a><\/li>\n<li><a href=\"https:\/\/www.insa.gob.bo\/index.php\/auditoria\/insa-ai-seg-n-004-2020\/\">INSA\/AI\/SEG\/N\u00b0 004\/2020<\/a><\/li>\n<li><a href=\"https:\/\/www.insa.gob.bo\/index.php\/auditoria\/insa-ai-seg-n-003-2020\/\">INSA\/AI\/SEG\/N\u00b0 003\/2020<\/a><\/li>\n<li><a href=\"https:\/\/www.insa.gob.bo\/index.php\/auditoria\/insa-ai-poa-2021\/\">INSA\/AI\/POA\/2021<\/a><\/li>\n<li><a href=\"https:\/\/www.insa.gob.bo\/index.php\/auditoria\/insa-ai-act-n-002-2020\/\">INSA\/AI\/ACT\/N\u00b0 002\/2020<\/a><\/li>\n<li><a href=\"https:\/\/www.insa.gob.bo\/index.php\/auditoria\/insa-ai-rlv-n-002-2020\/\">INSA\/AI\/RLV\/N\u00b0 002\/2020<\/a><\/li>\n<li><a href=\"https:\/\/www.insa.gob.bo\/index.php\/auditoria\/insa-ai-seg-n-002-2020\/\">INSA\/AI\/SEG\/N\u00b0 002\/2020<\/a><\/li>\n<li><a href=\"https:\/\/www.insa.gob.bo\/index.php\/auditoria\/insa-ai-rvl-n-001-2020\/\">INSA\/AI\/RVL\/N\u00b0 001\/2020<\/a><\/li>\n<li><a href=\"https:\/\/www.insa.gob.bo\/index.php\/auditoria\/insa-ai-seg-no-001-2020\/\">INSA\/AI\/SEG\/N\u00ba 001\/2020<\/a><\/li>\n<li><a href=\"https:\/\/www.insa.gob.bo\/index.php\/auditoria\/insa-ai-conf-no-002-2020\/\">INSA\/AI\/CONF\/N\u00ba 002\/2020<\/a><\/li>\n<li><a href=\"https:\/\/www.insa.gob.bo\/index.php\/auditoria\/insa-ai-conf-no-001-2020\/\">INSA\/AI\/CONF\/N\u00ba 001\/2020<\/a><\/li>\n<li><a href=\"https:\/\/www.insa.gob.bo\/index.php\/auditoria\/insa-ai-act-no-001-2020\/\">INSA\/AI\/ACT\/N\u00ba 001\/2020<\/a><\/li>\n<li><a href=\"https:\/\/www.insa.gob.bo\/index.php\/auditoria\/insa-ai-oper-no-003-2019\/\">INSA\/AI\/OPER\/N\u00ba 003\/2019<\/a><\/li>\n<li><a href=\"https:\/\/www.insa.gob.bo\/index.php\/auditoria\/insa-ai-esp-no-001-2019\/\">INSA\/AI\/ESP\/N\u00ba 001\/2019<\/a><\/li>\n<li><a href=\"https:\/\/www.insa.gob.bo\/index.php\/auditoria\/insa-ai-inf-int-no-001-2019\/\">INSA\/AI\/INF-INT\/N\u00ba 001\/2019<\/a><\/li>\n<li><a href=\"https:\/\/www.insa.gob.bo\/index.php\/auditoria\/insa-ai-oper-no-002-2019\/\">INSA\/AI\/OPER\/N\u00ba 002\/2019<\/a><\/li>\n<li><a href=\"https:\/\/www.insa.gob.bo\/index.php\/auditoria\/insa-ai-seg-n-013-2019\/\">INSA\/AI\/SEG\/N\u00b0 013\/2019<\/a><\/li>\n<li><a href=\"https:\/\/www.insa.gob.bo\/index.php\/auditoria\/insa-ai-act-no-001-2019\/\">INSA\/AI\/ACT\/N\u00ba 001\/2019<\/a><\/li>\n<li><a href=\"https:\/\/www.insa.gob.bo\/index.php\/auditoria\/insa-ai-relev-no-001-2019\/\">INSA\/AI\/RELEV\/N\u00ba 001\/2019<\/a><\/li>\n<li><a href=\"https:\/\/www.insa.gob.bo\/index.php\/auditoria\/insa-ai-oper-no-001-2019\/\">INSA\/AI\/OPER\/N\u00ba 001\/2019<\/a><\/li>\n<li><a href=\"https:\/\/www.insa.gob.bo\/index.php\/auditoria\/insa-ai-seg-no-012-2019\/\">INSA\/AI\/SEG\/N\u00ba 012\/2019<\/a><\/li>\n<li><a href=\"https:\/\/www.insa.gob.bo\/index.php\/auditoria\/insa-ai-seg-no-011-2019\/\">INSA\/AI\/SEG\/N\u00ba 011\/2019<\/a><\/li>\n<li><a href=\"https:\/\/www.insa.gob.bo\/index.php\/auditoria\/insa-ai-seg-no-010-2019\/\">INSA\/AI\/SEG\/N\u00ba 010\/2019<\/a><\/li>\n<li><a href=\"https:\/\/www.insa.gob.bo\/index.php\/auditoria\/insa-ai-seg-no-009-2019\/\">INSA\/AI\/SEG\/N\u00ba 009\/2019<\/a><\/li>\n<li><a href=\"https:\/\/www.insa.gob.bo\/index.php\/auditoria\/insa-ai-seg-no-008-2019\/\">INSA\/AI\/SEG\/N\u00ba 008\/2019<\/a><\/li>\n<li><a href=\"https:\/\/www.insa.gob.bo\/index.php\/auditoria\/insa-ai-seg-no-007-2019\/\">INSA\/AI\/SEG\/N\u00ba 007\/2019<\/a><\/li>\n<li><a href=\"https:\/\/www.insa.gob.bo\/index.php\/auditoria\/insa-ai-seg-no-006-2019\/\">INSA\/AI\/SEG\/N\u00ba 006\/2019<\/a><\/li>\n<li><a href=\"https:\/\/www.insa.gob.bo\/index.php\/auditoria\/insa-ai-seg-no-005-2019\/\">INSA\/AI\/SEG\/N\u00ba 005\/2019<\/a><\/li>\n<li><a href=\"https:\/\/www.insa.gob.bo\/index.php\/auditoria\/insa-ai-seg-no-004-2019\/\">INSA\/AI\/SEG\/N\u00ba 004\/2019<\/a><\/li>\n<li><a href=\"https:\/\/www.insa.gob.bo\/index.php\/auditoria\/insa-ai-seg-no-003-2019\/\">INSA\/AI\/SEG\/N\u00ba 003\/2019<\/a><\/li>\n<li><a href=\"https:\/\/www.insa.gob.bo\/index.php\/auditoria\/insa-ai-seg-no-002-2019\/\">INSA\/AI\/SEG\/N\u00ba 002\/2019<\/a><\/li>\n<li><a href=\"https:\/\/www.insa.gob.bo\/index.php\/auditoria\/insa-ai-seg-no-001-2019\/\">INSA\/AI\/SEG\/N\u00ba 001\/2019<\/a><\/li>\n<li><a href=\"https:\/\/www.insa.gob.bo\/index.php\/auditoria\/insa-ai-conf-no-002-2019\/\">INSA\/AI\/CONF\/N\u00ba 002\/2019<\/a><\/li>\n<li><a href=\"https:\/\/www.insa.gob.bo\/index.php\/auditoria\/insa-ai-conf-no-001-2019\/\">INSA\/AI\/CONF\/N\u00ba 001\/2019<\/a><\/li>\n<li><a href=\"https:\/\/www.insa.gob.bo\/index.php\/auditoria\/insa-ai-acti-no-001-2019\/\">INSA\/AI\/ACTI\/N\u00ba 001\/2019<\/a><\/li>\n<li><a href=\"https:\/\/www.insa.gob.bo\/index.php\/auditoria\/insa-ai-oper-no-002-2018\/\">INSA\/AI\/OPER\/N\u00ba 002\/2018<\/a><\/li>\n<li><a href=\"https:\/\/www.insa.gob.bo\/index.php\/auditoria\/insa-ai-oper-no-001-2018\/\">INSA\/AI\/OPER\/N\u00ba 001\/2018<\/a><\/li>\n<li><a href=\"https:\/\/www.insa.gob.bo\/index.php\/auditoria\/insa-ai-seg-no-005-2018\/\">INSA\/AI\/SEG\/N\u00ba 005\/2018<\/a><\/li>\n<li><a href=\"https:\/\/www.insa.gob.bo\/index.php\/auditoria\/insa-ai-seg-no-004-2018\/\">INSA\/AI\/SEG\/N\u00ba 004\/2018<\/a><\/li>\n<li><a href=\"https:\/\/www.insa.gob.bo\/index.php\/auditoria\/insa-ai-pe-2019-2021\/\">INSA\/AI\/PE\/2019-2021<\/a><\/li>\n<li><a href=\"https:\/\/www.insa.gob.bo\/index.php\/auditoria\/insa-ai-poa-2019\/\">INSA\/AI\/POA\/2019<\/a><\/li>\n<li><a href=\"https:\/\/www.insa.gob.bo\/index.php\/auditoria\/insa-ai-act-no-002-2018\/\">INSA\/AI\/ACT\/N\u00ba 002\/2018<\/a><\/li>\n<li><a href=\"https:\/\/www.insa.gob.bo\/index.php\/auditoria\/insa-ai-relev-no-001-2018\/\">INSA\/AI\/RELEV\/N\u00ba 001\/2018<\/a><\/li>\n<li><a href=\"https:\/\/www.insa.gob.bo\/index.php\/auditoria\/insa-ai-inf-int-no-001-2018\/\">INSA\/AI\/INF-INT\/N\u00ba 001\/2018<\/a><\/li>\n<li><a href=\"https:\/\/www.insa.gob.bo\/index.php\/auditoria\/insa-ai-esp-no-001-2018\/\">INSA\/AI\/ESP\/N\u00ba 001\/2018<\/a><\/li>\n<li><a href=\"https:\/\/www.insa.gob.bo\/index.php\/auditoria\/insa-ai-seg-no-003-2018\/\">INSA\/AI\/SEG\/N\u00ba 003\/2018<\/a><\/li>\n<li><a href=\"https:\/\/www.insa.gob.bo\/index.php\/auditoria\/insa-ai-seg-no-002-2018\/\">INSA\/AI\/SEG\/N\u00ba 002\/2018<\/a><\/li>\n<li><a href=\"https:\/\/www.insa.gob.bo\/index.php\/auditoria\/insa-ai-seg-no-001-2018\/\">INSA\/AI\/SEG\/N\u00ba 001\/2018<\/a><\/li>\n<li><a href=\"https:\/\/www.insa.gob.bo\/index.php\/auditoria\/insa-ai-conf-no-002-2018\/\">INSA\/AI\/CONF\/N\u00ba 002\/2018<\/a><\/li>\n<li><a href=\"https:\/\/www.insa.gob.bo\/index.php\/auditoria\/insa-ai-conf-no-001-2018\/\">INSA\/AI\/CONF\/N\u00ba 001\/2018<\/a><\/li>\n<li><a href=\"https:\/\/www.insa.gob.bo\/index.php\/auditoria\/insa-ai-act-no-001-2018\/\">INSA\/AI\/ACT\/N\u00ba 001\/2018<\/a><\/li>\n<li><a href=\"https:\/\/www.insa.gob.bo\/index.php\/auditoria\/insa-ai-relev-n-007-2017\/\">INSA\/AI\/RELEV\/N\u00b0 007\/2017<\/a><\/li>\n<li><a href=\"https:\/\/www.insa.gob.bo\/index.php\/auditoria\/insa-ai-esp-n-002-2017\/\">INSA\/AI\/ESP\/N\u00b0 002\/2017<\/a><\/li>\n<li><a href=\"https:\/\/www.insa.gob.bo\/index.php\/auditoria\/insa-ai-relev-n-006-2017\/\">INSA\/AI\/RELEV\/N\u00b0 006\/2017<\/a><\/li>\n<li><a href=\"https:\/\/www.insa.gob.bo\/index.php\/auditoria\/ai_poa_2018\/\">AI_POA_2018<\/a><\/li>\n<li><a href=\"https:\/\/www.insa.gob.bo\/index.php\/auditoria\/ai_pe_2018_2020\/\">AI_PE_2018_2020<\/a><\/li>\n<li><a href=\"https:\/\/www.insa.gob.bo\/index.php\/auditoria\/insa-ai-relev-n-005-2017\/\">INSA\/AI\/RELEV\/N\u00b0 005\/2017<\/a><\/li>\n<li><a href=\"https:\/\/www.insa.gob.bo\/index.php\/auditoria\/insa-ai-relev-n-004-2017\/\">INSA\/AI\/RELEV\/N\u00b0 004\/2017<\/a><\/li>\n<li><a href=\"https:\/\/www.insa.gob.bo\/index.php\/auditoria\/insa-ai-act-no-002-2017\/\">INSA\/AI\/ACT\/N\u00ba 002\/2017<\/a><\/li>\n<li><a href=\"https:\/\/www.insa.gob.bo\/index.php\/auditoria\/insa-ai-relev-no-003-2017\/\">INSA\/AI\/RELEV\/N\u00ba 003\/2017<\/a><\/li>\n<li><a href=\"https:\/\/www.insa.gob.bo\/index.php\/auditoria\/insa-ai-esp-no-001-2017\/\">INSA\/AI\/ESP\/N\u00ba 001\/2017<\/a><\/li>\n<li><a href=\"https:\/\/www.insa.gob.bo\/index.php\/auditoria\/insa-ai-relev-no-002-2017\/\">INSA\/AI\/RELEV\/N\u00ba 002\/2017<\/a><\/li>\n<li><a href=\"https:\/\/www.insa.gob.bo\/index.php\/auditoria\/insa-ai-relev-no-001-2017\/\">INSA\/AI\/RELEV\/N\u00ba 001\/2017<\/a><\/li>\n<li><a href=\"https:\/\/www.insa.gob.bo\/index.php\/auditoria\/insa-ai-seg-no-003-2017\/\">INSA\/AI\/SEG\/N\u00ba 003\/2017<\/a><\/li>\n<li><a href=\"https:\/\/www.insa.gob.bo\/index.php\/auditoria\/insa-ai-seg-n-002-2017\/\">INSA\/AI\/SEG\/N\u00b0 002\/2017<\/a><\/li>\n<li><a href=\"https:\/\/www.insa.gob.bo\/index.php\/auditoria\/insa-ai-seg-n-001-2017\/\">INSA\/AI\/SEG\/N\u00b0 001\/2017<\/a><\/li>\n<li><a href=\"https:\/\/www.insa.gob.bo\/index.php\/auditoria\/insa-ai-conf-n-002-2017\/\">INSA\/AI\/CONF\/N\u00b0 002\/2017<\/a><\/li>\n<li><a href=\"https:\/\/www.insa.gob.bo\/index.php\/auditoria\/insa-ai-conf-n-001-2017\/\">INSA\/AI\/CONF\/N\u00b0 001\/2017<\/a><\/li>\n<li><a href=\"https:\/\/www.insa.gob.bo\/index.php\/auditoria\/insa-ai-act-n-001-2017\/\">INSA\/AI\/ACT\/N\u00b0 001\/2017<\/a><\/li>\n<li><a href=\"https:\/\/www.insa.gob.bo\/index.php\/auditoria\/insa-ai-relev-n-002-2016\/\">INSA\/AI\/RELEV\/N\u00b0 002\/2016<\/a><\/li>\n<li><a href=\"https:\/\/www.insa.gob.bo\/index.php\/auditoria\/insa-ai-oper-n-001-2016\/\">INSA\/AI\/OPER\/N\u00b0 001\/2016<\/a><\/li>\n<li><a href=\"https:\/\/www.insa.gob.bo\/index.php\/auditoria\/insa-ai-esp-n-002-2016\/\">INSA\/AI\/ESP\/N\u00b0 002\/2016<\/a><\/li>\n<li><a href=\"https:\/\/www.insa.gob.bo\/index.php\/auditoria\/poa-ai-2017\/\">POA\/AI\/2017<\/a><\/li>\n<li><a href=\"https:\/\/www.insa.gob.bo\/index.php\/auditoria\/insa-ai-sayco-n-003-2016\/\">INSA\/AI\/SAYCO\/N\u00b0 003\/2016<\/a><\/li>\n<li><a href=\"https:\/\/www.insa.gob.bo\/index.php\/auditoria\/insa-ai-sayco-n-002-2016\/\">INSA\/AI\/SAYCO\/N\u00b0 002\/2016<\/a><\/li>\n<li><a href=\"https:\/\/www.insa.gob.bo\/index.php\/auditoria\/insa-ai-sayco-n-001-2016\/\">INSA\/AI\/SAYCO\/N\u00b0 001\/2016<\/a><\/li>\n<li><a href=\"https:\/\/www.insa.gob.bo\/index.php\/auditoria\/insa-ai-relev-n-001-2016\/\">INSA\/AI\/RELEV\/N\u00b0 001\/2016<\/a><\/li>\n<li><a href=\"https:\/\/www.insa.gob.bo\/index.php\/auditoria\/insa-ai-seg-n-005-2016\/\">INSA\/AI\/SEG\/N\u00b0 005\/2016<\/a><\/li>\n<li><a href=\"https:\/\/www.insa.gob.bo\/index.php\/auditoria\/insa-ai-seg-n-004-2016\/\">INSA\/AI\/SEG\/N\u00b0 004\/2016<\/a><\/li>\n<li><a href=\"https:\/\/www.insa.gob.bo\/index.php\/auditoria\/insa-ai-seg-no-003-2016\/\">INSA\/AI\/SEG\/N\u00ba 003\/2016<\/a><\/li>\n<li><a href=\"https:\/\/www.insa.gob.bo\/index.php\/auditoria\/insa-ai-seg-no-002-2016\/\">INSA\/AI\/SEG\/N\u00ba 002\/2016<\/a><\/li>\n<li><a href=\"https:\/\/www.insa.gob.bo\/index.php\/auditoria\/insa-ai-esp-no-001-2016\/\">INSA\/AI\/ESP\/N\u00ba 001\/2016<\/a><\/li>\n<li><a href=\"https:\/\/www.insa.gob.bo\/index.php\/auditoria\/insa-ai-conf-no-001-2016\/\">INSA\/AI\/CONF\/N\u00ba 001\/2016<\/a><\/li>\n<li><a href=\"https:\/\/www.insa.gob.bo\/index.php\/auditoria\/insa-ai-conf-no-002-2016\/\">INSA\/AI\/CONF\/N\u00ba 002\/2016<\/a><\/li>\n<li><a href=\"https:\/\/www.insa.gob.bo\/index.php\/auditoria\/insa-ai-seg-no-001-2016\/\">INSA\/AI\/SEG\/N\u00ba 001\/2016<\/a><\/li>\n<li><a href=\"https:\/\/www.insa.gob.bo\/index.php\/auditoria\/insa-ai-act-no-001-2016\/\">INSA\/AI\/ACT\/N\u00ba 001\/2016<\/a><\/li>\n<li><a href=\"https:\/\/www.insa.gob.bo\/index.php\/auditoria\/insa-ai-oper-no-001-2015\/\">INSA\/AI\/OPER\/N\u00ba 001\/2015<\/a><\/li>\n<li><a href=\"https:\/\/www.insa.gob.bo\/index.php\/auditoria\/insa-ai-seg-no-004-2015\/\">INSA\/AI\/SEG\/N\u00ba 004\/2015<\/a><\/li>\n<li><a href=\"https:\/\/www.insa.gob.bo\/index.php\/auditoria\/insa-ai-seg-no-003-2015\/\">INSA\/AI\/SEG\/N\u00ba 003\/2015<\/a><\/li>\n<li><a href=\"https:\/\/www.insa.gob.bo\/index.php\/auditoria\/insa-ai-esp-no-002-2015\/\">INSA\/AI\/ESP\/N\u00ba 002\/2015<\/a><\/li>\n<li><a href=\"https:\/\/www.insa.gob.bo\/index.php\/auditoria\/poa-ai-2016\/\">POA\/AI\/2016<\/a><\/li>\n<li><a href=\"https:\/\/www.insa.gob.bo\/index.php\/auditoria\/insa-ai-seg-no-002-2015\/\">INSA\/AI\/SEG\/N\u00ba 002\/2015<\/a><\/li>\n<li><a href=\"https:\/\/www.insa.gob.bo\/index.php\/auditoria\/insa-ai-relev-no-001-2015\/\">INSA\/AI\/RELEV\/N\u00ba 001\/2015<\/a><\/li>\n<li><a href=\"https:\/\/www.insa.gob.bo\/index.php\/auditoria\/insa-ai-act-no-002-2015\/\">INSA\/AI\/ACT\/N\u00ba 002\/2015<\/a><\/li>\n<li><a href=\"https:\/\/www.insa.gob.bo\/index.php\/auditoria\/insa-ai-esp-n-001-2015\/\">INSA\/AI\/ESP\/N\u00b0 001\/2015<\/a><\/li>\n<li><a href=\"https:\/\/www.insa.gob.bo\/index.php\/auditoria\/insa-ai-sayco-n-001-2015\/\">INSA\/AI\/SAYCO\/N\u00b0 001\/2015<\/a><\/li>\n<li><a href=\"https:\/\/www.insa.gob.bo\/index.php\/auditoria\/insa-ai-seg-n-001-2015\/\">INSA\/AI\/SEG\/N\u00b0 001\/2015<\/a><\/li>\n<li><a href=\"https:\/\/www.insa.gob.bo\/index.php\/auditoria\/insa-ai-conf-n-002-2015\/\">INSA\/AI\/CONF\/N\u00b0 002\/2015<\/a><\/li>\n<li><a href=\"https:\/\/www.insa.gob.bo\/index.php\/auditoria\/insa-ai-conf-n-001-2015\/\">INSA\/AI\/CONF\/N\u00b0 001\/2015<\/a><\/li>\n<li><a href=\"https:\/\/www.insa.gob.bo\/index.php\/auditoria\/insa-ai-act-n-001-2015\/\">INSA\/AI\/ACT\/N\u00b0 001\/2015<\/a><\/li>\n<li><a href=\"https:\/\/www.insa.gob.bo\/index.php\/auditoria\/insa-ai-sayco-n-002-2014\/\">INSA\/AI\/SAYCO\/N\u00b0 002\/2014<\/a><\/li>\n<li><a href=\"https:\/\/www.insa.gob.bo\/index.php\/auditoria\/poa-ai-2015\/\">POA\/AI\/2015<\/a><\/li>\n<li><a href=\"https:\/\/www.insa.gob.bo\/index.php\/auditoria\/insa-ai-esp-n-001-2014\/\">INSA\/AI\/ESP\/N\u00b0 001\/2014<\/a><\/li>\n<li><a href=\"https:\/\/www.insa.gob.bo\/index.php\/auditoria\/insa-ai-sayco-n-001-2014\/\">INSA\/AI\/SAYCO\/N\u00b0 001\/2014<\/a><\/li>\n<li><a href=\"https:\/\/www.insa.gob.bo\/index.php\/auditoria\/insa-ai-act-n-001-2014\/\">INSA\/AI\/ACT\/N\u00b0 001\/2014<\/a><\/li>\n<li><a href=\"https:\/\/www.insa.gob.bo\/index.php\/auditoria\/insa-ai-conf-n-002-2014\/\">INSA\/AI\/CONF\/N\u00b0 002\/2014<\/a><\/li>\n<li><a href=\"https:\/\/www.insa.gob.bo\/index.php\/auditoria\/insa-ai-conf-n-001-2014\/\">INSA\/AI\/CONF\/N\u00b0 001\/2014<\/a><\/li>\n<li><a href=\"https:\/\/www.insa.gob.bo\/index.php\/auditoria\/insa-ai-relev-n-001-2014\/\">INSA\/AI\/RELEV\/N\u00b0 001\/2014<\/a><\/li>\n<li><a href=\"https:\/\/www.insa.gob.bo\/index.php\/auditoria\/insa-ai-seg-n-001-2014\/\">INSA\/AI\/SEG\/N\u00b0 001\/2014<\/a><\/li>\n<li><a href=\"https:\/\/www.insa.gob.bo\/index.php\/auditoria\/insa-ai-seg-n-002-2014\/\">INSA\/AI\/SEG\/N\u00b0 002\/2014<\/a><\/li>\n<li><a href=\"https:\/\/www.insa.gob.bo\/index.php\/auditoria\/insa-ai-seg-n-003-2014\/\">INSA\/AI\/SEG\/N\u00b0 003\/2014<\/a><\/li>\n<li><a href=\"https:\/\/www.insa.gob.bo\/index.php\/auditoria\/insa-ai-seg-n-004-2014\/\">INSA\/AI\/SEG\/N\u00b0 004\/2014<\/a><\/li>\n<li><a href=\"https:\/\/www.insa.gob.bo\/index.php\/auditoria\/insa-ai-esp-n-002-2014\/\">INSA\/AI\/ESP\/N\u00b0 002\/2014<\/a><\/li>\n<li><a href=\"https:\/\/www.insa.gob.bo\/index.php\/auditoria\/insa-ai-seg-n-005-2014\/\">INSA\/AI\/SEG\/N\u00b0 005\/2014<\/a><\/li>\n<li><a href=\"https:\/\/www.insa.gob.bo\/index.php\/auditoria\/insa-ai-relev-n-001-2013\/\">INSA\/AI\/RELEV\/N\u00b0 001\/2013<\/a><\/li>\n<li><a href=\"https:\/\/www.insa.gob.bo\/index.php\/auditoria\/insa-ai-sayco-n-003-2013\/\">INSA\/AI\/SAYCO\/N\u00b0 003\/2013<\/a><\/li>\n<li><a href=\"https:\/\/www.insa.gob.bo\/index.php\/auditoria\/insa-ai-seg-n-002-2013\/\">INSA\/AI\/SEG\/N\u00b0 002\/2013<\/a><\/li>\n<li><a href=\"https:\/\/www.insa.gob.bo\/index.php\/auditoria\/poa-ai-2014\/\">POA - AI - 2014<\/a><\/li>\n<li><a href=\"https:\/\/www.insa.gob.bo\/index.php\/auditoria\/insa-ai-seg-n-001-2013\/\">INSA\/AI\/SEG\/N\u00b0 001\/2013<\/a><\/li>\n<li><a href=\"https:\/\/www.insa.gob.bo\/index.php\/auditoria\/insa-ai-esp-n-001-2013\/\">INSA\/AI\/ESP\/N\u00b0 001\/2013<\/a><\/li>\n<li><a href=\"https:\/\/www.insa.gob.bo\/index.php\/auditoria\/insa-ai-sayco-n-002-2013\/\">INSA\/AI\/SAYCO\/N\u00b0 002\/2013<\/a><\/li>\n<li><a href=\"https:\/\/www.insa.gob.bo\/index.php\/auditoria\/pe-y-poa-reformulado\/\">PE Y POA REFORMULADO<\/a><\/li>\n<li><a href=\"https:\/\/www.insa.gob.bo\/index.php\/auditoria\/insa-ai-act-n-002-2013\/\">INSA\/AI\/ACT\/N\u00b0 002\/2013<\/a><\/li>\n<li><a href=\"https:\/\/www.insa.gob.bo\/index.php\/auditoria\/insa-ai-esp-n-002-2013\/\">INSA\/AI\/ESP\/N\u00b0 002\/2013<\/a><\/li>\n<li><a href=\"https:\/\/www.insa.gob.bo\/index.php\/auditoria\/insa-ai-sayco-n-001-2013\/\">INSA\/AI\/SAYCO\/N\u00b0 001\/2013<\/a><\/li>\n<li><a href=\"https:\/\/www.insa.gob.bo\/index.php\/auditoria\/insa-ai-conf-n-002-2013\/\">INSA\/AI\/CONF\/N\u00b0 002\/2013<\/a><\/li>\n<li><a href=\"https:\/\/www.insa.gob.bo\/index.php\/auditoria\/insa-ai-act-n-001-2013\/\">INSA\/AI\/ACT\/N\u00b0 001\/2013<\/a><\/li>\n<li><a href=\"https:\/\/www.insa.gob.bo\/index.php\/auditoria\/insa-uai-esp-no-001-2012\/\">INSA\/UAI\/ESP\/No. 001\/2012<\/a><\/li>\n<li><a href=\"https:\/\/www.insa.gob.bo\/index.php\/auditoria\/insa-uai-esp-no-002-2012\/\">INSA\/UAI\/ESP\/No. 002\/2012<\/a><\/li>\n<li><a href=\"https:\/\/www.insa.gob.bo\/index.php\/auditoria\/insa-dge-uai-inf-n-0003-2023\/\">INSA\/DGE\/UAI\/INF\/N\u00b0 0003\/2023<\/a><\/li>\n<\/ul>\n<h2 class=\"wsp-contratos-title\">Contratos<\/h2>\n<ul class=\"wsp-contratos-list\">\n<li><a href=\"https:\/\/www.insa.gob.bo\/index.php\/contrato\/17048\/\">Lorem Titulo Contrato<\/a><\/li>\n<\/ul>\n<h2 class=\"wsp-datoss-title\">Datos y Estadisticas<\/h2>\n<ul class=\"wsp-datoss-list\">\n<li><a href=\"https:\/\/www.insa.gob.bo\/index.php\/datos\/compendio-estadistico-del-seguro-agrario-en-bolivia\/\">Compendio Estad\u00edstico del Seguro Agrario en Bolivia<\/a><\/li>\n<\/ul>\n<h2 class=\"wsp-normativas-title\">Normativa Nacional<\/h2>\n<ul class=\"wsp-normativas-list\">\n<li><a href=\"https:\/\/www.insa.gob.bo\/index.php\/normativa\/ley-1883-de-seguros\/\">Ley 1883 de Seguros<\/a><\/li>\n<li><a href=\"https:\/\/www.insa.gob.bo\/index.php\/normativa\/ley-602-gestion-de-riesgos\/\">Ley 602 de Gesti\u00f3n de Riesgos<\/a><\/li>\n<li><a href=\"https:\/\/www.insa.gob.bo\/index.php\/normativa\/ley-144\/\">Ley 144 de Revoluci\u00f3n Productiva Comunitaria Agropecuaria<\/a><\/li>\n<li><a href=\"https:\/\/www.insa.gob.bo\/index.php\/normativa\/normativa-1\/\">Constituci\u00f3n Pol\u00edtica del Estado<\/a><\/li>\n<\/ul>\n<h2 class=\"wsp-escala_salarials-title\">Escala salarial<\/h2>\n<ul class=\"wsp-escala_salarials-list\">\n<li><a href=\"https:\/\/www.insa.gob.bo\/index.php\/escala_salarial\/escala-salarial\/\">Escala salarial 2024<\/a><\/li>\n<li><a href=\"https:\/\/www.insa.gob.bo\/index.php\/escala_salarial\/escala-2024\/\">Escala salarial 2023<\/a><\/li>\n<li><a href=\"https:\/\/www.insa.gob.bo\/index.php\/escala_salarial\/escala-salarial-2022\/\">Escala salarial 2022<\/a><\/li>\n<\/ul>\n<h2 class=\"wsp-manual_organizacions-title\">Manula de organizaci\u00f3n funcional<\/h2>\n<ul class=\"wsp-manual_organizacions-list\">\n<li><a href=\"https:\/\/www.insa.gob.bo\/index.php\/manual_organizacion\/lorem-escala-salarial-2023\/\">Manual de Organizaci\u00f3n y Funciones 2020<\/a><\/li>\n<\/ul>\n<h2 class=\"wsp-poa_individuals-title\">Plan operativo anual individual<\/h2>\n<ul class=\"wsp-poa_individuals-list\">\n<li><a href=\"https:\/\/www.insa.gob.bo\/index.php\/poa_individual\/plan-operativo-anual-individual-insa\/\">PLAN OPERATIVO ANUAL INDIVIDUAL INSA<\/a><\/li>\n<\/ul>\n<h2 class=\"wsp-poas-title\">Plan operativo Anual<\/h2>\n<ul class=\"wsp-poas-list\">\n<li><a href=\"https:\/\/www.insa.gob.bo\/index.php\/poa\/15713\/\">Lorem POA por unidad organizacional 2023<\/a><\/li>\n<li><a href=\"https:\/\/www.insa.gob.bo\/index.php\/poa\/ejemplo-plan-operativo\/\">Lorem POA institucional 2024<\/a><\/li>\n<\/ul>\n<h2 class=\"wsp-normativa-inters-title\">Reglamentos Vigentes<\/h2>\n<ul class=\"wsp-normativa-inters-list\">\n<li><a href=\"https:\/\/www.insa.gob.bo\/index.php\/normativa-inter\/13278\/\">Reglamento Interno del Personal (RIP)<\/a><\/li>\n<\/ul>\n<h2 class=\"wsp-nota_prensas-title\">Notas<\/h2>\n<ul class=\"wsp-nota_prensas-list\">\n<li><a href=\"https:\/\/www.insa.gob.bo\/index.php\/nota_prensa\/30022\/\"><\/a><\/li>\n<li><a href=\"https:\/\/www.insa.gob.bo\/index.php\/nota_prensa\/30019\/\"><\/a><\/li>\n<li><a href=\"https:\/\/www.insa.gob.bo\/index.php\/nota_prensa\/30011\/\"><\/a><\/li>\n<li><a href=\"https:\/\/www.insa.gob.bo\/index.php\/nota_prensa\/insa-y-anapo-coordinan-acciones-para-impulsar-el-seguro-agrario-en-santa-cruz\/\">INSA y ANAPO coordinan acciones para impulsar el Seguro Agrario en Santa Cruz<\/a><\/li>\n<li><a href=\"https:\/\/www.insa.gob.bo\/index.php\/nota_prensa\/insa-participa-en-encuentro-institucional-con-el-programa-mundial-de-alimentos-en-la-paz\/\">INSA participa en encuentro institucional con el Programa Mundial de Alimentos en La Paz<\/a><\/li>\n<li><a href=\"https:\/\/www.insa.gob.bo\/index.php\/nota_prensa\/impulso-al-seguro-agrario-en-santa-cruz-dinamiza-al-sector-productivo\/\">Impulso al Seguro Agrario en Santa Cruz dinamiza al sector productivo<\/a><\/li>\n<li><a href=\"https:\/\/www.insa.gob.bo\/index.php\/nota_prensa\/el-insa-expone-avances-en-gestion-de-riesgos-agrarios-en-encuentro-internacional-del-programa-mundial-de-alimentos\/\">El INSA expone avances en gesti\u00f3n de riesgos agrarios en encuentro internacional del Programa Mundial de Alimentos<\/a><\/li>\n<li><a href=\"https:\/\/www.insa.gob.bo\/index.php\/nota_prensa\/el-insa-articula-esfuerzos-para-integrar-el-seguro-agrario-en-proyectos-productivos\/\">El INSA articula esfuerzos para integrar el Seguro Agrario en proyectos productivos<\/a><\/li>\n<li><a href=\"https:\/\/www.insa.gob.bo\/index.php\/nota_prensa\/el-insa-y-la-uagrm-avanzan-en-convenio-de-cooperacion-interinstitucional\/\">El INSA y la UAGRM avanzan en convenio de cooperaci\u00f3n interinstitucional<\/a><\/li>\n<li><a href=\"https:\/\/www.insa.gob.bo\/index.php\/nota_prensa\/insa-participa-en-encuentro-nacional-por-una-tarija-productiva-en-el-marco-de-sus-efemerides\/\">INSA participa en encuentro nacional por una Tarija productiva en el marco de sus efem\u00e9rides<\/a><\/li>\n<li><a href=\"https:\/\/www.insa.gob.bo\/index.php\/nota_prensa\/insa-acompana-feria-que-promueve-la-produccion-nacional-y-fortalece-al-sector-agricola\/\">INSA acompa\u00f1a feria que promueve la producci\u00f3n  nacional y fortalece al sector agr\u00edcola<\/a><\/li>\n<li><a href=\"https:\/\/www.insa.gob.bo\/index.php\/nota_prensa\/29433\/\"><\/a><\/li>\n<li><a href=\"https:\/\/www.insa.gob.bo\/index.php\/nota_prensa\/insa-realiza-verificacion-y-evaluacion-de-cultivos-afectados-en-achocalla\/\">INSA realiza verificaci\u00f3n y evaluaci\u00f3n de cultivos afectados en Achocalla<\/a><\/li>\n<li><a href=\"https:\/\/www.insa.gob.bo\/index.php\/nota_prensa\/insa-y-bid-articulan-acciones-estrategicas-para-fortalecer-el-sector-agropecuario\/\">INSA y BID articulan acciones estrat\u00e9gicas para fortalecer el sector agropecuario<\/a><\/li>\n<li><a href=\"https:\/\/www.insa.gob.bo\/index.php\/nota_prensa\/insa-fortalece-articulacion-institucional-por-la-productividad-en-tarija\/\">INSA fortalece articulaci\u00f3n institucional por la productividad en Tarija<\/a><\/li>\n<li><a href=\"https:\/\/www.insa.gob.bo\/index.php\/nota_prensa\/insa-y-sinager-sat-establecen-alianza-estrategica-para-fortalecer-la-resiliencia-del-sector-agropecuario\/\">INSA y SINAGER-SAT establecen alianza estrat\u00e9gica para fortalecer la resiliencia del sector agropecuario<\/a><\/li>\n<li><a href=\"https:\/\/www.insa.gob.bo\/index.php\/nota_prensa\/insa-y-cooperacion-francesa-fortalecen-la-gestion-del-riesgo-agropecuario-en-bolivia\/\">Insa y Cooperaci\u00f3n Francesa fortalecen la gesti\u00f3n del riesgo agropecuario en Bolivia<\/a><\/li>\n<li><a href=\"https:\/\/www.insa.gob.bo\/index.php\/nota_prensa\/insa-y-caf-fortalecen-coordinacion-para-apoyar-al-sector-agropecuario\/\">INSA impulsa alianzas con CAF para enfrentar riesgos clim\u00e1ticos en el agro<\/a><\/li>\n<li><a href=\"https:\/\/www.insa.gob.bo\/index.php\/nota_prensa\/insa-fortalece-coordinacion-con-el-banco-mundial\/\">INSA fortalece coordinaci\u00f3n con el Banco Mundial<\/a><\/li>\n<li><a href=\"https:\/\/www.insa.gob.bo\/index.php\/nota_prensa\/insa-participa-en-la-12-feria-del-pescado-y-reafirma-su-apoyo-a-los-productores-del-pais\/\">INSA participa en la 12\u00b0 Feria del Pescado y reafirma su apoyo a los productores del pa\u00eds<\/a><\/li>\n<li><a href=\"https:\/\/www.insa.gob.bo\/index.php\/nota_prensa\/insa-y-fundacion-profin-firman-convenio-interinstitucional-para-fortalecer-el-sector-de-seguros-y-la-gestion-de-riesgo-agroclimatico\/\">INSA y Fundaci\u00f3n PROFIN firman convenio interinstitucional para fortalecer el sector de seguros y la gesti\u00f3n de riesgo agroclim\u00e1tico<\/a><\/li>\n<li><a href=\"https:\/\/www.insa.gob.bo\/index.php\/nota_prensa\/el-insa-presenta-su-rendicion-publica-de-cuentas-final-gestion-2025\/\">El INSA presenta su rendici\u00f3n p\u00fablica de cuentas final gesti\u00f3n 2025<\/a><\/li>\n<li><a href=\"https:\/\/www.insa.gob.bo\/index.php\/nota_prensa\/feria-del-pescado-reunira-a-productores-y-consumidores-en-la-plaza-villarroel\/\">Feria del Pescado reunir\u00e1 a productores y consumidores en la Plaza Villarroel<\/a><\/li>\n<li><a href=\"https:\/\/www.insa.gob.bo\/index.php\/nota_prensa\/insa-y-bdp-impulsan-alianza-estrategica-para-fortalecer-el-monitoreo-agroclimatico\/\">INSA Y BDP impulsan alianza estrat\u00e9gica para fortalecer el monitoreo agroclim\u00e1tico<\/a><\/li>\n<li><a href=\"https:\/\/www.insa.gob.bo\/index.php\/nota_prensa\/insa-y-oap-fortalecen-alianza-estrategica\/\">INSA Y OAP fortalecen alianza estrat\u00e9gica<\/a><\/li>\n<li><a href=\"https:\/\/www.insa.gob.bo\/index.php\/nota_prensa\/insa-y-fid-proyectan-modernizacion-tecnologica-para-fortalecer-el-seguro-agrario-en-bolivia\/\">INSA y FID proyectan modernizaci\u00f3n tecnol\u00f3gica para fortalecer el Seguro Agrario en Bolivia<\/a><\/li>\n<li><a href=\"https:\/\/www.insa.gob.bo\/index.php\/nota_prensa\/granizada-en-cotagaita-gobierno-activa-acciones-de-apoyo-para-productores-afectados\/\">Granizada en Cotagaita: Gobierno activa acciones de apoyo para productores afectados<\/a><\/li>\n<li><a href=\"https:\/\/www.insa.gob.bo\/index.php\/nota_prensa\/insa-y-prosuco-coordinan-acciones-para-fortalecer-el-seguro-agrario-en-bolivia-2\/\">INSA Y PROSUCO coordinan acciones para fortalecer el Seguro Agrario en Bolivia<\/a><\/li>\n<li><a href=\"https:\/\/www.insa.gob.bo\/index.php\/nota_prensa\/insa-destaca-su-participacion-en-la-exposoya-2026\/\">INSA DESTACA SU PARTICIPACI\u00d3N EN LA EXPOSOYA 2026<\/a><\/li>\n<li><a href=\"https:\/\/www.insa.gob.bo\/index.php\/nota_prensa\/insa-y-la-umsa-coordinan-acciones-para-fortalecer-el-seguro-agrario\/\">INSA y la UMSA coordinan acciones para fortalecer el Seguro Agrario<\/a><\/li>\n<li><a href=\"https:\/\/www.insa.gob.bo\/index.php\/nota_prensa\/insa-coordina-acciones-con-el-programa-mundial-de-alimentos-para-fortalecer-la-seguridad-alimentaria\/\">INSA coordina acciones con el Programa Mundial de Alimentos para fortalecer la seguridad alimentaria<\/a><\/li>\n<li><a href=\"https:\/\/www.insa.gob.bo\/index.php\/nota_prensa\/insa-y-la-fundacion-profin-coordinan-acciones-para-fortalecer-el-seguro-agrario\/\">INSA y la Fundaci\u00f3n PROFIN coordinan acciones para fortalecer el Seguro Agrario<\/a><\/li>\n<li><a href=\"https:\/\/www.insa.gob.bo\/index.php\/nota_prensa\/insa-y-senamhi-fortalecen-articulacion-estrategica-para-optimizar-la-gestion-del-riesgo-agroclimatico\/\">INSA y SENAMHI fortalecen articulaci\u00f3n estrat\u00e9gica para optimizar la gesti\u00f3n del riesgo agroclim\u00e1tico<\/a><\/li>\n<li><a href=\"https:\/\/www.insa.gob.bo\/index.php\/nota_prensa\/insa-y-la-universidad-siglo-xx-coordinan-acciones-para-fortalecer-el-seguro-agrario\/\">INSA y la Universidad Siglo XX coordinan acciones para fortalecer el Seguro Agrario<\/a><\/li>\n<li><a href=\"https:\/\/www.insa.gob.bo\/index.php\/nota_prensa\/insa-capacita-a-tecnicos-y-autoridades-en-gestion-de-siniestros-para-la-campana-agricola-2025-2026\/\">INSA capacita a t\u00e9cnicos y autoridades en gesti\u00f3n de siniestros para la campa\u00f1a agr\u00edcola 2025-2026<\/a><\/li>\n<li><a href=\"https:\/\/www.insa.gob.bo\/index.php\/nota_prensa\/insa-avanza-alianza-estrategica-con-utepsa-para-fortalecer-la-innovacion-tecnologica\/\">INSA avanza alianza estrat\u00e9gica con UTEPSA para fortalecer la innovaci\u00f3n tecnol\u00f3gica<\/a><\/li>\n<li><a href=\"https:\/\/www.insa.gob.bo\/index.php\/nota_prensa\/avanza-el-registro-de-productores-beneficiarios-del-seguro-agrario-minka-en-potosi-2\/\">Avanza el registro de productores beneficiarios del Seguro Agrario \"MINKA\" en Potos\u00ed<\/a><\/li>\n<li><a href=\"https:\/\/www.insa.gob.bo\/index.php\/nota_prensa\/el-insa-implementa-nueva-zonificacion-agropecuaria-para-mejorar-la-cobertura-del-seguro-agrario\/\">EL INSA implementa nueva zonificaci\u00f3n agropecuaria para mejorar la cobertura del Seguro Agrario<\/a><\/li>\n<li><a href=\"https:\/\/www.insa.gob.bo\/index.php\/nota_prensa\/el-insa-y-senamhi-articulan-esfuerzos-para-modernizar-el-monitoreo-climatico-en-el-agro\/\">El INSA y SENAMHI articulan esfuerzos para modernizar el monitoreo clim\u00e1tico en el agro<\/a><\/li>\n<li><a href=\"https:\/\/www.insa.gob.bo\/index.php\/nota_prensa\/gobierno-indemniza-con-bs-3-millones-a-productores-de-oruro-por-desastres-naturales\/\">Gobierno indemniza con Bs. 3 millones a productores de Oruro por desastres naturales<\/a><\/li>\n<li><a href=\"https:\/\/www.insa.gob.bo\/index.php\/nota_prensa\/mas-de-12-000-productores-agricolas-afectados-por-fenomenos-climaticos-en-potosi-se-benefician-con-el-pago-del-seguro-agrario\/\">M\u00e1s de 12.000 productores agr\u00edcolas afectados por fen\u00f3menos clim\u00e1ticos en Potos\u00ed se benefician con el pago del Seguro Agrario<\/a><\/li>\n<li><a href=\"https:\/\/www.insa.gob.bo\/index.php\/nota_prensa\/mas-de-4-800-familias-productoras-de-chuquisaca-afectadas-por-eventos-climaticos-reciben-indemnizacion-del-seguro-agrario-minka\/\">M\u00e1s de 4.800 familias productoras de Chuquisaca afectadas por eventos clim\u00e1ticos reciben indemnizaci\u00f3n del Seguro Agrario Minka<\/a><\/li>\n<li><a href=\"https:\/\/www.insa.gob.bo\/index.php\/nota_prensa\/gobierno-indemniza-con-el-seguro-agrario-a-mas-de-4-300-familias-productoras-de-cochabamba\/\">Gobierno indemniza con el Seguro Agrario a m\u00e1s de 4.300 familias productoras de Cochabamba<\/a><\/li>\n<li><a href=\"https:\/\/www.insa.gob.bo\/index.php\/nota_prensa\/avanza-el-registro-de-productores-beneficiarios-del-seguro-agrario-minka-en-potosi\/\">Avanza el registro de productores beneficiarios del Seguro Agrario \"Minka\" en Potos\u00ed<\/a><\/li>\n<li><a href=\"https:\/\/www.insa.gob.bo\/index.php\/nota_prensa\/gobierno-inicia-el-pago-del-seguro-agrario-minka-beneficiando-a-mas-de-42-mil-productores-en-el-pais\/\">Gobierno inicia el pago del Seguro Agrario \"Minka\" beneficiando a mas de 42 mil productores en el Pa\u00eds<\/a><\/li>\n<li><a href=\"https:\/\/www.insa.gob.bo\/index.php\/nota_prensa\/insa-avanza-en-el-registro-de-productores-en-laja-para-fortalecer-el-seguro-agrario-minka\/\">INSA avanza en el registro de productores en Laja para fortalecer el Seguro Agrario MINKA<\/a><\/li>\n<li><a href=\"https:\/\/www.insa.gob.bo\/index.php\/nota_prensa\/insa-participa-en-la-mesa-de-produccion-de-arroz\/\">INSA participa en la Mesa de Producci\u00f3n de Arroz<\/a><\/li>\n<li><a href=\"https:\/\/www.insa.gob.bo\/index.php\/nota_prensa\/insa-fortalece-alianzas-estrategicas\/\">INSA fortalece alianzas estrat\u00e9gicas<\/a><\/li>\n<li><a href=\"https:\/\/www.insa.gob.bo\/index.php\/nota_prensa\/insa-participa-en-la-formulacion-del-pgdes-y-pdes\/\">INSA participa en la formulaci\u00f3n del PGDES y PDES<\/a><\/li>\n<li><a href=\"https:\/\/www.insa.gob.bo\/index.php\/nota_prensa\/insa-y-aps-coordinan-acciones-para-fortalecer-seguros-agrarios-y-la-firma-de-un-nuevo-convenio\/\">INSA y APS coordinan acci\u00f3nes para fortalecer seguros agrarios y la firma de un nuevo convenio<\/a><\/li>\n<li><a href=\"https:\/\/www.insa.gob.bo\/index.php\/nota_prensa\/insa-y-fundacion-profin-coordinan-acciones-para-fortalecer-la-gestion-de-riergos-agropecuarios\/\">INSA Y FUNDACI\u00d3N PROFIN COORDINAN ACCIONES PARA FORTALECER LA GESTI\u00d3N DE RIERGOS AGROPECUARIOS<\/a><\/li>\n<li><a href=\"https:\/\/www.insa.gob.bo\/index.php\/nota_prensa\/el-instituto-del-seguro-agrario-fortalece-la-coordinacion-con-oficinas-regionales\/\">EL INSTITUTO DEL SEGURO AGRARIO FORTALECE LA COORDINACI\u00d3N CON OFICINAS REGIONALES<\/a><\/li>\n<li><a href=\"https:\/\/www.insa.gob.bo\/index.php\/nota_prensa\/socializacion-del-seguro-agrario-a-productores-de-uru-chipaya\/\">SOCIALIZACI\u00d3N DEL SEGURO AGRARIO A PRODUCTORES DE URU CHIPAYA<\/a><\/li>\n<li><a href=\"https:\/\/www.insa.gob.bo\/index.php\/nota_prensa\/insa-socializa-el-seguro-agrario-a-san-pedro-de-curahuara\/\">INSA SOCIALIZA EL SEGURO AGRARIO A SAN PEDRO DE CURAHUARA<\/a><\/li>\n<li><a href=\"https:\/\/www.insa.gob.bo\/index.php\/nota_prensa\/insa-fortalece-capacitades-tecnicas-en-gestion-del-riesgo-agropecuario\/\">INSA FORTALECE CAPACITADES T\u00c9CNICAS EN GESTI\u00d3N DEL RIESGO AGROPECUARIO<\/a><\/li>\n<li><a href=\"https:\/\/www.insa.gob.bo\/index.php\/nota_prensa\/renovacion-de-convenio-con-el-gobierno-autonomo-municipal-de-batallas\/\">RENOVACI\u00d3N DE CONVENIO CON EL GOBIERNO AUT\u00d3NOMO MUNICIPAL DE BATALLAS<\/a><\/li>\n<li><a href=\"https:\/\/www.insa.gob.bo\/index.php\/nota_prensa\/futuros-ajustadores-agrarios-fortalecen-sus-habilidades-en-jornada-practica-en-sorata\/\">FUTUROS AJUSTADORES AGRARIOS FORTALECEN SUS HABILIDADES EN JORNADA PR\u00c1CTICA EN SORATA<\/a><\/li>\n<li><a href=\"https:\/\/www.insa.gob.bo\/index.php\/nota_prensa\/profesionales-agronomos-se-forman-como-ajsutadores-agrarios-en-curso-impulsado-por-el-insa\/\">PROFESIONALES AGR\u00d3NOMOS SE FORMAN COMO AJUSTADORES AGRARIOS EN CURSO IMPULSADO POR EL INSA<\/a><\/li>\n<li><a href=\"https:\/\/www.insa.gob.bo\/index.php\/nota_prensa\/21354\/\">INSA Y MUNICIPIOS COCHABAMBINOS FORTALECEN JUNTOS LA SEGURIDAD ALIMENTARIA CON EL SEGURO MINKA<\/a><\/li>\n<li><a href=\"https:\/\/www.insa.gob.bo\/index.php\/nota_prensa\/insa-socializa-el-seguro-agrario-minka-en-viacha\/\">INSA SOCIALIZA EL SEGURO AGRARIO MINKA EN VIACHA<\/a><\/li>\n<li><a href=\"https:\/\/www.insa.gob.bo\/index.php\/nota_prensa\/mas-conectividad-para-el-area-rural-entregan-radio-base-en-villa-abecia\/\">MAS CONECTIVIDAD PARA EL \u00c1REA RURAL: ENTREGAN RADIO BASE EN VILLA ABECIA<\/a><\/li>\n<li><a href=\"https:\/\/www.insa.gob.bo\/index.php\/nota_prensa\/el-gobierno-nacional-entrega-59-nuevas-viviendas-sociales-en-machareti-para-familias-rurales-de-chuquisaca\/\">EL GOBIERNO NACIONAL ENTREGA 59 NUEVAS VIVIENDAS SOCIALES EN MACHARET\u00cd PARA FAMILIAS RURALES DE CHUQUISACA<\/a><\/li>\n<li><a href=\"https:\/\/www.insa.gob.bo\/index.php\/nota_prensa\/renovacion-de-convenio-con-el-municipio-de-ckochas\/\">RENOVACI\u00d3N DE CONVENIO CON EL MUNICIPIO DE CKOCHAS<\/a><\/li>\n<li><a href=\"https:\/\/www.insa.gob.bo\/index.php\/nota_prensa\/chuquisaca-refuerza-la-proteccion-agraria-con-el-seguro-minka\/\">CHUQUISACA REFUERZA LA PROTECCI\u00d3N AGRARIA CON EL SEGURO MINKA<\/a><\/li>\n<li><a href=\"https:\/\/www.insa.gob.bo\/index.php\/nota_prensa\/potosi-apuesta-a-la-proteccion-agraria-con-el-seguro-minka\/\">POTOS\u00cd APUESTA A LA PROTECCI\u00d3N AGRARIA CON EL SEGURO MINKA<\/a><\/li>\n<li><a href=\"https:\/\/www.insa.gob.bo\/index.php\/nota_prensa\/insa-y-blue-marble-sostienen-reunion-estrategica\/\">INSA Y BLUE MARBLE SOSTIENEN REUNI\u00d3N ESTRAT\u00c9GICA<\/a><\/li>\n<li><a href=\"https:\/\/www.insa.gob.bo\/index.php\/nota_prensa\/insa-reafirma-su-compromiso-con-el-sector-agropecuario-en-la-expo-tecno-agro-2025\/\">INSA REAFIRMA SU COMPROMISO CON EL SECTOR AGROPECUARIO EN LA EXPO TECNO AGRO 2025<\/a><\/li>\n<li><a href=\"https:\/\/www.insa.gob.bo\/index.php\/nota_prensa\/insa-y-15-municipios-de-oruro-firman-convenios-para-implementar-el-seguro-agrario-minka\/\">INSA Y 15 MUNICIPIOS DE ORURO FIRMAN CONVENIOS PARA IMPLEMENTAR EL SEGURO AGRARIO MINKA<\/a><\/li>\n<li><a href=\"https:\/\/www.insa.gob.bo\/index.php\/nota_prensa\/gobierno-nacional-entrega-viviendas-y-destaca-obra-vial-en-zudanez-en-el-marco-del-bicentenario\/\">GOBIERNO NACIONAL ENTREGA VIVIENDAS Y DESTACA OBRA VIAL EN ZUDA\u00d1EZ EN EL MARCO DEL BICENTENARIO<\/a><\/li>\n<li><a href=\"https:\/\/www.insa.gob.bo\/index.php\/nota_prensa\/curso-de-ajustadores-agrarios-para-seguros-comerciales-tradicionales-y-parametricos\/\">CURSO DE AJUSTADORES AGRARIOS PARA SEGUROS COMERCIALES TRADICIONALES Y PARAMETRICOS<\/a><\/li>\n<li><a href=\"https:\/\/www.insa.gob.bo\/index.php\/nota_prensa\/el-insa-presenta-compendio-estadistico-del-seguro-agrario\/\">EL INSA PRESENTA COMPENDIO ESTAD\u00cdSTICO DEL SEGURO AGRARIO<\/a><\/li>\n<li><a href=\"https:\/\/www.insa.gob.bo\/index.php\/nota_prensa\/el-insa-promueve-seguros-agropecuarios-en-turco-oruro\/\">EL INSA PROMUEVE SEGUROS AGROPECUARIOS EN TURCO, ORURO<\/a><\/li>\n<li><a href=\"https:\/\/www.insa.gob.bo\/index.php\/nota_prensa\/el-insa-evalua-perdidas-de-maiz-por-eventos-climaticos-en-ayata-y-chuma-la-paz\/\">EL INSA EVAL\u00daA P\u00c9RDIDAS DE MA\u00cdZ POR EVENTOS CLIM\u00c1TICOS EN AYATA Y CHUMA, LA PAZ<\/a><\/li>\n<li><a href=\"https:\/\/www.insa.gob.bo\/index.php\/nota_prensa\/equipo-tecnico-del-insa-evalua-cultivos-afectados-en-eucaliptus-oruro\/\">EQUIPO T\u00c9CNICO DEL INSA EVAL\u00daA CULTIVOS AFECTADOS EN EUCALIPTUS, ORURO<\/a><\/li>\n<li><a href=\"https:\/\/www.insa.gob.bo\/index.php\/nota_prensa\/insa-socializa-el-seguro-agrario-universal-pachamama-con-estudiantes-de-la-utb\/\">INSA SOCIALIZA EL SEGURO AGRARIO UNIVERSAL \u201cPACHAMAMA\u201d CON ESTUDIANTES DE LA UTB<\/a><\/li>\n<li><a href=\"https:\/\/www.insa.gob.bo\/index.php\/nota_prensa\/pma-y-el-gobierno-nacional-brindan-ayuda-economica-a-familias-afectadas-por-inundaciones-en-oruro\/\">PMA Y EL GOBIERNO NACIONAL BRINDAN AYUDA ECON\u00d3MICA A FAMILIAS AFECTADAS POR INUNDACIONES EN ORURO<\/a><\/li>\n<li><a href=\"https:\/\/www.insa.gob.bo\/index.php\/nota_prensa\/insa-evalua-cultivos-afectados-en-raqaypampa-cochabamba\/\">INSA EVAL\u00daA CULTIVOS AFECTADOS EN RAQAYPAMPA, COCHABAMBA<\/a><\/li>\n<li><a href=\"https:\/\/www.insa.gob.bo\/index.php\/nota_prensa\/insa-verifica-danos-por-inundaciones-en-cultivos-de-maiz-en-el-trigal-santa-cruz\/\">INSA VERIFICA DA\u00d1OS POR INUNDACIONES EN CULTIVOS DE MA\u00cdZ EN EL TRIGAL, SANTA CRUZ<\/a><\/li>\n<li><a href=\"https:\/\/www.insa.gob.bo\/index.php\/nota_prensa\/insa-y-pma-presentaron-avances-del-seguro-agrario-y-lanzaron-estrategia-de-asistencia-climatica-digital-para-comunidades-rurales\/\">INSA Y PMA PRESENTARON AVANCES DEL SEGURO AGRARIO Y LANZARON ESTRATEGIA DE ASISTENCIA CLIMATICA DIGITAL PARA COMUNIDADES RURALES<\/a><\/li>\n<li><a href=\"https:\/\/www.insa.gob.bo\/index.php\/nota_prensa\/insa-evalua-danos-por-inundaciones-en-potosi\/\">INSA EVAL\u00daA DA\u00d1OS POR INUNDACIONES EN POTOS\u00cd<\/a><\/li>\n<li><a href=\"https:\/\/www.insa.gob.bo\/index.php\/nota_prensa\/insa-rumbo-en-la-fexpo-agro-del-bicentenario\/\">INSA RUMBO EN LA FEXPO AGRO DEL BICENTENARIO<\/a><\/li>\n<li><a href=\"https:\/\/www.insa.gob.bo\/index.php\/nota_prensa\/insa-realiza-verificacion-y-evaluacion-de-cultivos-en-yunchara-tras-afectaciones-climaticas\/\">INSA REALIZA VERIFICACI\u00d3N Y EVALUACI\u00d3N DE CULTIVOS EN YUNCHAR\u00c1 TRAS AFECTACIONES CLIM\u00c1TICAS<\/a><\/li>\n<li><a href=\"https:\/\/www.insa.gob.bo\/index.php\/nota_prensa\/insa-despliega-equipo-tecnico-en-san-pedro-de-buena-vista-potosi-para-evaluar-cultivos-afectados\/\">INSA DESPLIEGA EQUIPO T\u00c9CNICO EN SAN PEDRO DE BUENA VISTA , POTOS\u00cd, PARA EVALUAR CULTIVOS AFECTADOS<\/a><\/li>\n<li><a href=\"https:\/\/www.insa.gob.bo\/index.php\/nota_prensa\/productores-de-santiago-de-callapa-conocen-beneficios-del-seguro-agrario-para-ganado-camelido\/\">PRODUCTORES DE SANTIAGO DE CALLAPA CONOCEN BENEFICIOS DEL SEGURO AGRARIO PARA GANADO CAM\u00c9LIDO<\/a><\/li>\n<li><a href=\"https:\/\/www.insa.gob.bo\/index.php\/nota_prensa\/insa-avanza-en-diseno-de-seguro-comercial-para-arroz-con-evaluacion-en-campo-en-okinawa-santa-cruz\/\">INSA AVANZA EN DISE\u00d1O DE SEGURO COMERCIAL PARA ARROZ CON EVALUACI\u00d3N EN CAMPO EN OKINAWA, SANTA CRUZ<\/a><\/li>\n<li><a href=\"https:\/\/www.insa.gob.bo\/index.php\/nota_prensa\/insa-y-emapa-impulsan-seguro-comercial-para-cultivo-de-arroz-en-santa-cruz\/\">INSA Y EMAPA IMPULSAN SEGURO COMERCIAL PARA CULTIVO DE ARROZ EN SANTA CRUZ<\/a><\/li>\n<li><a href=\"https:\/\/www.insa.gob.bo\/index.php\/nota_prensa\/insa-verifica-danos-en-cultivos-agricolas-en-tapacari-cochabamba\/\">INSA VERIFICA DA\u00d1OS EN CULTIVOS AGR\u00cdCOLAS EN TAPACAR\u00cd, COCHABAMBA<\/a><\/li>\n<li><a href=\"https:\/\/www.insa.gob.bo\/index.php\/nota_prensa\/insa-proyecta-un-2025-con-mayor-cobertura-y-fortalecimiento-del-seguro-agrario\/\">INSA PROYECTA UN 2025 CON MAYOR COBERTURA Y FORTALECIMIENTO DEL SEGURO AGRARIO<\/a><\/li>\n<li><a href=\"https:\/\/www.insa.gob.bo\/index.php\/nota_prensa\/productores-de-viacha-reciben-atencion-tecnica-del-insa-tras-inundacion\/\">PRODUCTORES DE VIACHA RECIBEN ATENCI\u00d3N T\u00c9CNICA DEL INSA TRAS INUNDACI\u00d3N<\/a><\/li>\n<li><a href=\"https:\/\/www.insa.gob.bo\/index.php\/nota_prensa\/insa-verifica-danos-por-helada-en-cultivos-de-quinua-y-papa-en-antequera-oruro\/\">INSA VERIFICA DA\u00d1OS POR HELADA EN CULTIVOS DE QUINUA Y PAPA EN ANTEQUERA, ORURO<\/a><\/li>\n<li><a href=\"https:\/\/www.insa.gob.bo\/index.php\/nota_prensa\/insa-evalua-danos-en-cultivo-de-aji-en-chuquisaca\/\">INSA EVAL\u00daA DA\u00d1OS EN CULTIVO DE AJ\u00cd EN CHUQUISACA<\/a><\/li>\n<li><a href=\"https:\/\/www.insa.gob.bo\/index.php\/nota_prensa\/productores-de-uncia-reciben-atencion-tecnica-del-insa-tras-inundacion\/\">PRODUCTORES DE UNC\u00cdA RECIBEN ATENCI\u00d3N T\u00c9CNICA DEL INSA TRAS INUNDACI\u00d3N<\/a><\/li>\n<li><a href=\"https:\/\/www.insa.gob.bo\/index.php\/nota_prensa\/insa-despliega-equipo-tecnico-en-copalacaya-viacha-para-evaluar-danos-en-cultivos\/\">INSA DESPLIEGA EQUIPO T\u00c9CNICO EN COPALACAYA, VIACHA, PARA EVALUAR DA\u00d1OS EN CULTIVOS<\/a><\/li>\n<li><a href=\"https:\/\/www.insa.gob.bo\/index.php\/nota_prensa\/insa-verifica-danos-por-heladas-granizadas-e-inundaciones-en-municipios-de-la-paz\/\">INSA VERIFICA DA\u00d1OS POR HELADAS, GRANIZADAS E INUNDACIONES EN MUNICIPIOS DE LA PAZ<\/a><\/li>\n<li><a href=\"https:\/\/www.insa.gob.bo\/index.php\/nota_prensa\/huanuni-conoce-los-beneficios-del-seguro-agrario\/\">HUANUNI CONOCE LOS BENEFICIOS DEL SEGURO AGRARIO<\/a><\/li>\n<li><a href=\"https:\/\/www.insa.gob.bo\/index.php\/nota_prensa\/vye-en-tomave-potosi-insa-evalua-perdidas-en-cultivos-de-quinua-tras-helada\/\">VyE EN TOMAVE, POTOS\u00cd: INSA EVAL\u00daA P\u00c9RDIDAS EN CULTIVOS DE QUINUA TRAS HELADA<\/a><\/li>\n<li><a href=\"https:\/\/www.insa.gob.bo\/index.php\/nota_prensa\/insa-constata-danos-en-papa-maiz-y-otros-cultivos-en-villa-azurduy-chuquisaca\/\">INSA CONSTATA DA\u00d1OS EN PAPA, MA\u00cdZ Y OTROS CULTIVOS EN VILLA AZURDUY, CHUQUISACA<\/a><\/li>\n<li><a href=\"https:\/\/www.insa.gob.bo\/index.php\/nota_prensa\/insa-despliega-equipo-tecnico-en-vacas-tras-inundaciones\/\">INSA DESPLIEGA EQUIPO T\u00c9CNICO EN VACAS TRAS INUNDACIONES<\/a><\/li>\n<li><a href=\"https:\/\/www.insa.gob.bo\/index.php\/nota_prensa\/insa-verifica-y-evalua-danos-en-cultivos-de-papa-en-caripuyo-potosi\/\">INSA VERIFICA Y EVAL\u00daA DA\u00d1OS EN CULTIVOS DE PAPA EN CARIPUYO, POTOS\u00cd<\/a><\/li>\n<li><a href=\"https:\/\/www.insa.gob.bo\/index.php\/nota_prensa\/insa-socializa-el-seguro-comercial-a-productores-de-tiquipaya\/\">INSA SOCIALIZA EL SEGURO COMERCIAL A PRODUCTORES DE TIQUIPAYA<\/a><\/li>\n<li><a href=\"https:\/\/www.insa.gob.bo\/index.php\/nota_prensa\/insa-socializa-seguro-pecuario-para-ganado-camelido-en-sajama\/\">INSA SOCIALIZA SEGURO PECUARIO PARA GANADO CAM\u00c9LIDO EN SAJAMA<\/a><\/li>\n<li><a href=\"https:\/\/www.insa.gob.bo\/index.php\/nota_prensa\/insa-verifica-y-evalua-danos-en-cultivos-de-papa-en-potosi-tras-heladas-e-inundaciones\/\">INSA VERIFICA Y EVAL\u00daA DA\u00d1OS EN CULTIVOS DE PAPA EN POTOS\u00cd TRAS HELADAS E INUNDACIONES<\/a><\/li>\n<li><a href=\"https:\/\/www.insa.gob.bo\/index.php\/nota_prensa\/insa-socializa-seguro-pecuario-para-ganado-camelido-en-yunchara\/\">INSA SOCIALIZA SEGURO PECUARIO PARA GANADO CAM\u00c9LIDO EN YUNCHAR\u00c1<\/a><\/li>\n<li><a href=\"https:\/\/www.insa.gob.bo\/index.php\/nota_prensa\/insa-y-la-uto-renuevan-convenio-para-impulsar-practicas-profesionales-e-investigacion-agricola\/\">INSA Y LA UTO RENUEVAN CONVENIO PARA IMPULSAR PR\u00c1CTICAS PROFESIONALES E INVESTIGACI\u00d3N AGR\u00cdCOLA<\/a><\/li>\n<li><a href=\"https:\/\/www.insa.gob.bo\/index.php\/nota_prensa\/insa-verifica-y-evalua-cultivos-afectados-por-la-inundacion-en-chuquisaca\/\">INSA VERIFICA Y EVAL\u00daA CULTIVOS AFECTADOS POR LA INUNDACI\u00d3N EN CHUQUISACA<\/a><\/li>\n<li><a href=\"https:\/\/www.insa.gob.bo\/index.php\/nota_prensa\/socializacion-del-seguro-agrario-a-productores-de-laja\/\">SOCIALIZACI\u00d3N DEL SEGURO AGRARIO A PRODUCTORES DE LAJA<\/a><\/li>\n<li><a href=\"https:\/\/www.insa.gob.bo\/index.php\/nota_prensa\/mdryt-alcanza-74-de-ejecucion-en-2024-y-proyecta-bs-1-997-millones-para-2025\/\">MDRyT ALCANZA 74% DE EJECUCI\u00d3N EN 2024 Y PROYECTA BS 1.997 MILLONES PARA 2025<\/a><\/li>\n<li><a href=\"https:\/\/www.insa.gob.bo\/index.php\/nota_prensa\/insa-entrega-insumos-agropecuarios-en-cochabamba-para-mitigar-efectos-de-la-sequia\/\">INSA ENTREGA INSUMOS AGROPECUARIOS EN COCHABAMBA PARA MITIGAR EFECTOS DE LA SEQU\u00cdA<\/a><\/li>\n<li><a href=\"https:\/\/www.insa.gob.bo\/index.php\/nota_prensa\/gobierno-nacional-entrega-insumos-agropecuarios-a-familias-productoras-de-turco\/\">GOBIERNO NACIONAL ENTREGA INSUMOS AGROPECUARIOS A FAMILIAS PRODUCTORAS DE TURCO<\/a><\/li>\n<li><a href=\"https:\/\/www.insa.gob.bo\/index.php\/nota_prensa\/insa-verifica-y-evalua-cultivos-afectados-por-la-inundacion-en-tacachi-cochabamba\/\">INSA VERIFICA Y EVAL\u00daA CULTIVOS AFECTADOS POR LA INUNDACI\u00d3N EN TACACHI, COCHABAMBA<\/a><\/li>\n<li><a href=\"https:\/\/www.insa.gob.bo\/index.php\/nota_prensa\/insa-finaliza-la-gestion-2024-con-una-ejecucion-financiera-del-93-7\/\">INSA FINALIZA LA GESTI\u00d3N 2024 CON UNA EJECUCI\u00d3N FINANCIERA DEL 93.7%<\/a><\/li>\n<li><a href=\"https:\/\/www.insa.gob.bo\/index.php\/nota_prensa\/gobierno-nacional-informa-sobre-danos-climaticos-en-cultivos-asegurados-y-reafirma-su-compromiso\/\">GOBIERNO NACIONAL INFORMA SOBRE DA\u00d1OS CLIM\u00c1TICOS EN CULTIVOS ASEGURADOS Y REAFIRMA SU COMPROMISO<\/a><\/li>\n<li><a href=\"https:\/\/www.insa.gob.bo\/index.php\/nota_prensa\/insa-verifica-y-evalua-cultivos-afectados-por-helada-en-toledo-oruro\/\">INSA VERIFICA Y EVAL\u00daA CULTIVOS AFECTADOS POR HELADA EN TOLEDO, ORURO<\/a><\/li>\n<li><a href=\"https:\/\/www.insa.gob.bo\/index.php\/nota_prensa\/insa-verifica-y-evualua-cultivos-afectados-por-eventos-climaticos-adversos-en-chuquisaca\/\">INSA VERIFICA Y EVUAL\u00daA CULTIVOS AFECTADOS POR EVENTOS CLIMATICOS ADVERSOS EN CHUQUISACA<\/a><\/li>\n<li><a href=\"https:\/\/www.insa.gob.bo\/index.php\/nota_prensa\/insa-verifica-y-evalua-los-cultivos-afectados-en-batallas\/\">INSA VERIFICA Y EVAL\u00daA LOS CULTIVOS AFECTADOS EN BATALLAS<\/a><\/li>\n<li><a href=\"https:\/\/www.insa.gob.bo\/index.php\/nota_prensa\/insa-socializa-el-seguro-agrario-a-municipios-de-la-provincia-los-andes\/\">INSA SOCIALIZA EL SEGURO AGRARIO A MUNICIPIOS DE LA PROVINCIA LOS ANDES<\/a><\/li>\n<li><a href=\"https:\/\/www.insa.gob.bo\/index.php\/nota_prensa\/socializacion-del-mdryt-insa-reafirma-su-compromiso-con-el-agro\/\">SOCIALIZACI\u00d3N DEL MDRyT: INSA REAFIRMA SU COMPROMISO CON EL AGRO<\/a><\/li>\n<li><a href=\"https:\/\/www.insa.gob.bo\/index.php\/nota_prensa\/gobierno-nacional-entrega-insumos-agropecuarios-a-12-825-familias-de-oruro\/\">GOBIERNO NACIONAL ENTREGA INSUMOS AGROPECUARIOS A 12.825 FAMILIAS DE ORURO<\/a><\/li>\n<li><a href=\"https:\/\/www.insa.gob.bo\/index.php\/nota_prensa\/insa-socializa-el-seguro-agrario-minka-en-santa-cruz\/\">INSA SOCIALIZA EL SEGURO AGRARIO \"MINKA\" EN SANTA CRUZ<\/a><\/li>\n<li><a href=\"https:\/\/www.insa.gob.bo\/index.php\/nota_prensa\/insa-entrega-insumos-agropecuarios-para-mitigar-la-sequia-a-tres-municipios-de-la-paz\/\">INSA ENTREGA INSUMOS AGROPECUARIOS PARA MITIGAR LA SEQU\u00cdA A TRES MUNICIPIOS DE LA PAZ<\/a><\/li>\n<li><a href=\"https:\/\/www.insa.gob.bo\/index.php\/nota_prensa\/productores-de-tiahuanaco-reciben-insumos-agropecuarios-por-el-gobierno-nacional\/\">PRODUCTORES DE TIAHUANACO RECIBEN INSUMOS AGROPECUARIOS POR EL GOBIERNO NACIONAL<\/a><\/li>\n<li><a href=\"https:\/\/www.insa.gob.bo\/index.php\/nota_prensa\/gobierno-nacional-entrega-insumos-agropecuarios-a-productores-de-san-andres-de-machaca\/\">GOBIERNO NACIONAL ENTREGA INSUMOS AGROPECUARIOS A PRODUCTORES DE SAN ANDR\u00c9S DE MACHACA<\/a><\/li>\n<li><a href=\"https:\/\/www.insa.gob.bo\/index.php\/nota_prensa\/insa-socializa-el-seguro-agrario-minka-en-el-departamento-de-chuquisaca\/\">INSA SOCIALIZA EL SEGURO AGRARIO \"MINKA\" EN EL DEPARTAMENTO DE CHUQUISACA<\/a><\/li>\n<li><a href=\"https:\/\/www.insa.gob.bo\/index.php\/nota_prensa\/insa-realiza-inspeccion-en-sica-sica-para-garantizar-la-correcta-presentacion-de-avisos-de-siniestro\/\">INSA REALIZA INSPECCI\u00d3N EN SICA SICA PARA GARANTIZAR LA CORRECTA PRESENTACI\u00d3N DE AVISOS DE SINIESTRO<\/a><\/li>\n<li><a href=\"https:\/\/www.insa.gob.bo\/index.php\/nota_prensa\/personal-tecnico-del-insa-recibe-capacitacion-de-la-ebih\/\">PERSONAL T\u00c9CNICO DEL INSA RECIBE CAPACITACI\u00d3N DE LA EBIH<\/a><\/li>\n<li><a href=\"https:\/\/www.insa.gob.bo\/index.php\/nota_prensa\/insa-socializa-el-seguro-agrario-para-camelidos\/\">INSA SOCIALIZA EL SEGURO AGRARIO PARA CAM\u00c9LIDOS<\/a><\/li>\n<li><a href=\"https:\/\/www.insa.gob.bo\/index.php\/nota_prensa\/insa-promueve-el-seguro-agrario-minka-en-oruro\/\">INSA PROMUEVE EL SEGURO AGRARIO \u201cMINKA\u201d EN ORURO<\/a><\/li>\n<li><a href=\"https:\/\/www.insa.gob.bo\/index.php\/nota_prensa\/insa-promueve-el-seguro-agrario-minka-en-la-paz\/\">INSA PROMUEVE EL SEGURO AGRARIO MINKA EN LA PAZ<\/a><\/li>\n<li><a href=\"https:\/\/www.insa.gob.bo\/index.php\/nota_prensa\/insa-socializa-el-seguro-agrario-minka-en-potosi\/\">INSA SOCIALIZA EL SEGURO AGRARIO \"MINKA\" EN POTOS\u00cd<\/a><\/li>\n<li><a href=\"https:\/\/www.insa.gob.bo\/index.php\/nota_prensa\/insa-socializa-en-cochabamba\/\">INSA SOCIALIZA EN COCHABAMBA<\/a><\/li>\n<li><a href=\"https:\/\/www.insa.gob.bo\/index.php\/nota_prensa\/el-seguro-agrario-llego-a-146-mil-familias-de-141-municipios-en-bolivia\/\">El Seguro Agrario lleg\u00f3 a 146 mil familias de 141 municipios en Bolivia<\/a><\/li>\n<li><a href=\"https:\/\/www.insa.gob.bo\/index.php\/nota_prensa\/productores-de-quiabaya-reciben-pago-del-seguro-agrario\/\">Productores de Quiabaya reciben pago del Seguro Agrario<\/a><\/li>\n<li><a href=\"https:\/\/www.insa.gob.bo\/index.php\/nota_prensa\/chulumani-fue-la-sede-del-primer-encuentro-productivo-de-los-yungas\/\">Chulumani fue la sede del primer encuentro Productivo de los Yungas<\/a><\/li>\n<li><a href=\"https:\/\/www.insa.gob.bo\/index.php\/nota_prensa\/325-familias-de-productores-reciben-pago-del-seguro-agrario-en-yaco\/\">325 familias de productores reciben pago del Seguro Agrario en Yaco<\/a><\/li>\n<li><a href=\"https:\/\/www.insa.gob.bo\/index.php\/nota_prensa\/mas-de-2-000-familias-del-norte-de-potosi-reciben-pago-del-seguro-agrario\/\">M\u00e1s de 2.000 familias del norte de Potos\u00ed reciben pago del Seguro Agrario<\/a><\/li>\n<li><a href=\"https:\/\/www.insa.gob.bo\/index.php\/nota_prensa\/el-gobierno-del-estado-entrega-mas-de-bs-7-millones-para-proyectos-y-seguro-agrario-en-aiquile\/\">El Gobierno del Estado entrega m\u00e1s de Bs 7 millones para proyectos y Seguro Agrario en Aiquile<\/a><\/li>\n<li><a href=\"https:\/\/www.insa.gob.bo\/index.php\/nota_prensa\/dos-municipios-de-potosi-son-indemnizados-por-perdida-de-sus-cultivos-de-maiz\/\">Dos municipios de Potos\u00ed son indemnizados por p\u00e9rdida de sus cultivos de ma\u00edz<\/a><\/li>\n<li><a href=\"https:\/\/www.insa.gob.bo\/index.php\/nota_prensa\/el-insa-participo-en-la-xiv-feria-bio-bolivia\/\">El INSA particip\u00f3 en la XIV Feria Bio Bolivia<\/a><\/li>\n<li><a href=\"https:\/\/www.insa.gob.bo\/index.php\/nota_prensa\/el-gobierno-del-estado-indemniza-por-seguro-agrario-a-963-familias-de-productores-agropecuarios-en-el-municipio-de-sica-sica\/\">El Gobierno del Estado indemniza por seguro agrario a 963 familias de productores agropecuarios en el municipio de Sica Sica<\/a><\/li>\n<li><a href=\"https:\/\/www.insa.gob.bo\/index.php\/nota_prensa\/productores-agricolas-de-cuatro-municipios-reciben-pago-del-seguro-agrario\/\">Productores agr\u00edcolas de cuatro municipios reciben pago del Seguro Agrario<\/a><\/li>\n<li><a href=\"https:\/\/www.insa.gob.bo\/index.php\/nota_prensa\/el-instituto-del-seguro-agrario-insa-institucion-bajo-tuicion-del-ministerio-de-desarrollo-rural-y-tierras-indemniza-por-seguro-agrario-a-productores-cuyos-cultivos-fueron-afectados-por-el-clima-en-e\/\">El Instituto del Seguro Agrario INSA, instituci\u00f3n bajo tuici\u00f3n del Ministerio de Desarrollo Rural y Tierras indemniza por seguro agrario a productores cuyos cultivos fueron afectados por el clima en el municipio de Anzaldo, Cochabamba<\/a><\/li>\n<li><a href=\"https:\/\/www.insa.gob.bo\/index.php\/nota_prensa\/productores-de-san-pedro-de-totora-reciben-medio-millon-de-bolivianos-por-seguro-agrario\/\">Productores de San Pedro de Totora reciben medio mill\u00f3n de bolivianos por Seguro Agrario<\/a><\/li>\n<li><a href=\"https:\/\/www.insa.gob.bo\/index.php\/nota_prensa\/gobierno-del-estado-indemniza-por-concepto-de-seguro-agrario-a-familias-productoras-de-los-municipios-de-culpina-incahuasi-y-villa-charcas\/\">Gobierno del Estado indemniza por concepto de seguro agrario a familias productoras de los municipios de Culpina, Incahuasi y Villa Charcas<\/a><\/li>\n<li><a href=\"https:\/\/www.insa.gob.bo\/index.php\/nota_prensa\/el-ministerio-de-desarrollo-rural-y-tierras-muestra-los-avances-de-las-politicas-agropecuarias-en-la-expocruz\/\">El Ministerio de Desarrollo Rural y Tierras muestra los avances de las pol\u00edticas agropecuarias en la Expocruz<\/a><\/li>\n<li><a href=\"https:\/\/www.insa.gob.bo\/index.php\/nota_prensa\/gobierno-del-estado-indemniza-a-mas-de-364-familias-productoras-que-perdieron-sus-cultivos-en-el-municipio-de-batallas\/\">Gobierno del Estado indemniza a m\u00e1s de 364 familias productoras que perdieron sus cultivos en el Municipio de Batallas<\/a><\/li>\n<li><a href=\"https:\/\/www.insa.gob.bo\/index.php\/nota_prensa\/insa-inicia-el-registro-de-productores-para-el-seguro-agrario-en-bolivia\/\">INSA inicia el registro de productores para el Seguro Agrario en Bolivia<\/a><\/li>\n<li><a href=\"https:\/\/www.insa.gob.bo\/index.php\/nota_prensa\/el-seguro-agrario-pretende-llegar-casi-al-50-de-los-municipios-en-bolivia\/\">El Seguro Agrario pretende llegar casi al 50% de los municipios en Bolivia<\/a><\/li>\n<li><a href=\"https:\/\/www.insa.gob.bo\/index.php\/nota_prensa\/2do-congreso-boliviano-de-semillas-reunio-a-investigadores-y-conferencistas-nacionales-e-internacionales\/\">2do. Congreso Boliviano de Semillas reuni\u00f3 a investigadores y conferencistas nacionales e internacionales<\/a><\/li>\n<li><a href=\"https:\/\/www.insa.gob.bo\/index.php\/nota_prensa\/tres-municipios-de-chuquisaca-reciben-pago-del-seguro-agrario\/\">Tres municipios de Chuquisaca reciben pago del Seguro Agrario<\/a><\/li>\n<li><a href=\"https:\/\/www.insa.gob.bo\/index.php\/nota_prensa\/el-gobierno-del-estado-inicia-indemnizaciones-por-perdida-de-cultivos-en-el-pais\/\">El Gobierno del Estado inicia indemnizaciones por p\u00e9rdida de cultivos en el pa\u00eds<\/a><\/li>\n<li><a href=\"https:\/\/www.insa.gob.bo\/index.php\/nota_prensa\/seguro-agrario-probara-un-producto-dirigido-a-los-grandes-agricultores\/\">Seguro agrario probar\u00e1 un producto dirigido a los grandes agricultores<\/a><\/li>\n<li><a href=\"https:\/\/www.insa.gob.bo\/index.php\/nota_prensa\/el-seguro-agrario-cubre-a-mas-de-146-mil-familias-de-pequenos-productores-en-bolivia\/\">El Seguro Agrario cubre a m\u00e1s de 146 mil familias de peque\u00f1os productores en Bolivia<\/a><\/li>\n<li><a href=\"https:\/\/www.insa.gob.bo\/index.php\/nota_prensa\/la-3ra-ruta-de-la-quinua-promueve-produccion-consumo-y-conocimiento-del-grano-de-oro-de-los-andes\/\">La 3ra Ruta de la Quinua promueve producci\u00f3n, consumo y conocimiento del \u201cGrano de Oro de los Andes\u201d<\/a><\/li>\n<li><a href=\"https:\/\/www.insa.gob.bo\/index.php\/nota_prensa\/productores-de-11-comunidades-de-achacachi-reportaron-danos-en-sus-cultivos\/\">Productores de 11 comunidades de Achacachi reportaron da\u00f1os en sus cultivos<\/a><\/li>\n<li><a href=\"https:\/\/www.insa.gob.bo\/index.php\/nota_prensa\/la-feria-comunicando-el-cambio-llega-a-oruro-con-logros-y-gestion-de-gobierno\/\">La feria \u201cComunicando el Cambio\u201d llega a Oruro con logros y gesti\u00f3n de Gobierno<\/a><\/li>\n<li><a href=\"https:\/\/www.insa.gob.bo\/index.php\/nota_prensa\/el-insa-realizo-su-rendicion-de-cuentas-de-la-gestion-2014\/\">El INSA realiz\u00f3 su Rendici\u00f3n de Cuentas de la gesti\u00f3n 2014<\/a><\/li>\n<li><a href=\"https:\/\/www.insa.gob.bo\/index.php\/nota_prensa\/insa-desplaza-equipos-tecnicos-tras-reportes-de-perdidas-de-cultivos-en-el-pais\/\">INSA desplaza equipos t\u00e9cnicos tras reportes de p\u00e9rdidas de cultivos en el pa\u00eds<\/a><\/li>\n<li><a href=\"https:\/\/www.insa.gob.bo\/index.php\/nota_prensa\/productores-de-papa-en-el-municipio-de-colquiri-son-indemnizados-con-bs-313-967\/\">Productores de papa en el Municipio de Colquiri son indemnizados con Bs 313.967<\/a><\/li>\n<li><a href=\"https:\/\/www.insa.gob.bo\/index.php\/nota_prensa\/se-desarrolla-la-feria-interministerial-comunicando-el-cambio-en-el-tropico-de-cochabamba\/\">Se desarrolla la Feria Interministerial \u201cComunicando el Cambio\u201d en el tr\u00f3pico de Cochabamba<\/a><\/li>\n<li><a href=\"https:\/\/www.insa.gob.bo\/index.php\/nota_prensa\/se-desarrolla-con-exito-la-primera-feria-de-tecnologia-e-innovacion-agropecuaria-en-oruro\/\">Se desarrolla con \u00e9xito la primera Feria de Tecnolog\u00eda e Innovaci\u00f3n Agropecuaria en Oruro<\/a><\/li>\n<li><a href=\"https:\/\/www.insa.gob.bo\/index.php\/nota_prensa\/familias-del-municipio-de-puna-son-indemnizadas-por-la-perdida-de-cultivos-de-trigo\/\">Familias del municipio de Puna son indemnizadas por la p\u00e9rdida de cultivos de trigo<\/a><\/li>\n<li><a href=\"https:\/\/www.insa.gob.bo\/index.php\/nota_prensa\/productores-de-papa-avena-y-cebada-afectados-por-el-granizo-y-la-inundacion-son-indemnizados-por-el-ministerio-de-desarrollo-rural-y-tierras\/\">Productores de papa, avena y cebada afectados por el granizo y la inundaci\u00f3n son indemnizados por el Ministerio de Desarrollo Rural y Tierras<\/a><\/li>\n<li><a href=\"https:\/\/www.insa.gob.bo\/index.php\/nota_prensa\/el-ministerio-de-desarrollo-rural-y-tierras-participa-de-la-feria-comunicando-el-cambio-en-potosi-a-traves-del-instituto-del-seguro-agrario\/\">El Ministerio de Desarrollo Rural y Tierras participa de la Feria \u201cComunicando el Cambio\u201d en Potos\u00ed a trav\u00e9s del Instituto del Seguro Agrario<\/a><\/li>\n<li><a href=\"https:\/\/www.insa.gob.bo\/index.php\/nota_prensa\/17-comunidades-de-puerto-acosta-reciben-pago-del-seguro-agrario\/\">17 Comunidades de Puerto Acosta reciben pago del Seguro Agrario<\/a><\/li>\n<li><a href=\"https:\/\/www.insa.gob.bo\/index.php\/nota_prensa\/se-paga-el-seguro-agrario-en-el-municipio-de-san-lucas-chuquisaca\/\">Se paga el seguro agrario en el municipio de San Lucas, Chuquisaca<\/a><\/li>\n<li><a href=\"https:\/\/www.insa.gob.bo\/index.php\/nota_prensa\/pequenos-productores-del-municipio-de-escoma-reciben-indemnizacion-del-seguro-agrario\/\">Peque\u00f1os productores del municipio de Escoma reciben indemnizaci\u00f3n del Seguro Agrario<\/a><\/li>\n<li><a href=\"https:\/\/www.insa.gob.bo\/index.php\/nota_prensa\/el-seguro-agrario-indemniza-a-pequenos-agricultores-en-el-municipio-de-el-choro-en-el-departamento-de-oruro\/\">El Seguro Agrario indemniza a peque\u00f1os agricultores en el municipio de El Choro en el departamento de Oruro<\/a><\/li>\n<li><a href=\"https:\/\/www.insa.gob.bo\/index.php\/nota_prensa\/en-la-capital-de-la-provincia-aroma-sica-sica-se-indemnizo-a-571-familias-de-agricultores-con-el-seguro-agrario\/\">En la capital de la provincia Aroma, Sica Sica se indemniz\u00f3 a 571 familias de agricultores con el seguro agrario<\/a><\/li>\n<li><a href=\"https:\/\/www.insa.gob.bo\/index.php\/nota_prensa\/comunidades-lejanas-del-norte-potosi-reciben-pago-del-seguro-agrario\/\">Comunidades lejanas del Norte Potos\u00ed reciben pago del Seguro Agrario<\/a><\/li>\n<li><a href=\"https:\/\/www.insa.gob.bo\/index.php\/nota_prensa\/productores-de-acasio-recibieron-pago-del-seguro-agrario\/\">Productores de Acasio recibieron pago del Seguro Agrario<\/a><\/li>\n<li><a href=\"https:\/\/www.insa.gob.bo\/index.php\/nota_prensa\/familias-productoras-que-perdieron-sus-cultivos-de-papa-y-quinua-son-indemnizadas-en-el-municipio-de-yaco\/\">Familias productoras que perdieron sus cultivos de papa y quinua son indemnizadas en el municipio de Yaco<\/a><\/li>\n<li><a href=\"https:\/\/www.insa.gob.bo\/index.php\/nota_prensa\/productores-del-municipio-de-bolivar-son-indemnizados-por-perdida-de-cultivos\/\">Productores del municipio de Bol\u00edvar son indemnizados por p\u00e9rdida de cultivos<\/a><\/li>\n<li><a href=\"https:\/\/www.insa.gob.bo\/index.php\/nota_prensa\/se-indemniza-bs-99-213-a-pequenos-agricultores-del-municipio-de-caracollo-en-el-departamento-de-oruro\/\">Se indemniza Bs 99.213 a peque\u00f1os agricultores del municipio de Caracollo en el departamento de Oruro<\/a><\/li>\n<li><a href=\"https:\/\/www.insa.gob.bo\/index.php\/nota_prensa\/624-familias-de-productores-de-anzaldo-reciben-pago-del-seguro-agrario\/\">624 familias de productores de Anzaldo reciben pago del Seguro Agrario<\/a><\/li>\n<li><a href=\"https:\/\/www.insa.gob.bo\/index.php\/nota_prensa\/725-familias-productoras-recibieron-indemnizaciones-por-la-perdida-de-cultivos-de-papa\/\">725 familias productoras recibieron indemnizaciones por la p\u00e9rdida de cultivos de papa<\/a><\/li>\n<li><a href=\"https:\/\/www.insa.gob.bo\/index.php\/nota_prensa\/insa-indemniza-a-389-pequenos-productores-en-betanzos-departamento-de-potosi\/\">INSA indemniza a 389 peque\u00f1os productores en Betanzos, Departamento de Potos\u00ed<\/a><\/li>\n<li><a href=\"https:\/\/www.insa.gob.bo\/index.php\/nota_prensa\/el-insa-indemniza-bs-109-275-en-el-distrito-indigena-raqaypampa-lider-en-las-iniciativas-de-descolonizacion\/\">El INSA indemniza Bs.109.275 en el Distrito Ind\u00edgena Raqaypampa, l\u00edder en las iniciativas de descolonizaci\u00f3n<\/a><\/li>\n<li><a href=\"https:\/\/www.insa.gob.bo\/index.php\/nota_prensa\/productores-de-corque-reciben-indemnizacion-por-perdida-de-cultivos-de-papa\/\">Productores de Corque reciben indemnizaci\u00f3n por p\u00e9rdida de cultivos de papa<\/a><\/li>\n<li><a href=\"https:\/\/www.insa.gob.bo\/index.php\/nota_prensa\/el-instituto-del-seguro-agrario-insa-institucion-bajo-tuicion-del-ministerio-de-desarrollo-rural-y-tierras-indemniza-a-pequenos-productores-de-mizque\/\">El Instituto del Seguro Agrario INSA, instituci\u00f3n bajo tuici\u00f3n del Ministerio de Desarrollo Rural y Tierras indemniza a peque\u00f1os productores de Mizque<\/a><\/li>\n<li><a href=\"https:\/\/www.insa.gob.bo\/index.php\/nota_prensa\/el-instituto-del-seguro-agrario-insa-institucion-bajo-tuicion-del-ministerio-de-desarrollo-rural-y-tierras-indemniza-mas-de-bs-4-millones-a-productores-de-gutierrez\/\">El Instituto del Seguro Agrario INSA, instituci\u00f3n bajo tuici\u00f3n del Ministerio de Desarrollo Rural y Tierras indemniza m\u00e1s de Bs 4 millones a productores de Guti\u00e9rrez<\/a><\/li>\n<li><a href=\"https:\/\/www.insa.gob.bo\/index.php\/nota_prensa\/familias-productoras-de-umala-cuentan-con-cobertura-del-seguro-agrario\/\">Familias productoras de Umala cuentan con cobertura del Seguro Agrario<\/a><\/li>\n<li><a href=\"https:\/\/www.insa.gob.bo\/index.php\/nota_prensa\/la-feria-interministerial-comunicando-el-cambio-en-trinidad-fue-un-excelente-espacio-para-informar-a-ninos-sobre-el-seguro-agrario\/\">La Feria Interministerial Comunicando el Cambio en Trinidad fue un excelente espacio para informar a ni\u00f1os sobre el Seguro Agrario<\/a><\/li>\n<li><a href=\"https:\/\/www.insa.gob.bo\/index.php\/nota_prensa\/la-tercera-version-del-seguro-agrario-se-inicia-con-151-municipios\/\">La tercera versi\u00f3n del Seguro Agrario se inicia con 151 municipios<\/a><\/li>\n<li><a href=\"https:\/\/www.insa.gob.bo\/index.php\/nota_prensa\/28-municipios-de-cochabamba-inician-el-registro-agricola-comunal-del-seguro-agrario-para-la-campana-agricola-2014-2015\/\">28 municipios de Cochabamba inician el Registro Agr\u00edcola Comunal del Seguro Agrario para la campa\u00f1a agr\u00edcola 2014-2015<\/a><\/li>\n<li><a href=\"https:\/\/www.insa.gob.bo\/index.php\/nota_prensa\/el-ministerio-de-desarrollo-rural-y-tierras-por-medio-del-instituto-del-seguro-agrario-participa-de-la-feria-internacional-del-libro\/\">El Ministerio de Desarrollo Rural y Tierras por medio del Instituto del Seguro Agrario participa de la Feria Internacional del libro<\/a><\/li>\n<li><a href=\"https:\/\/www.insa.gob.bo\/index.php\/nota_prensa\/el-insa-inicia-el-proceso-de-capacitacion-acerca-del-registro-agricola-comunal-para-la-campana-agricola-2014-2015\/\">El INSA inicia el proceso de capacitaci\u00f3n acerca del Registro Agr\u00edcola Comunal para la campa\u00f1a agr\u00edcola 2014-2015<\/a><\/li>\n<li><a href=\"https:\/\/www.insa.gob.bo\/index.php\/nota_prensa\/seguro-agrario-indemniza-a-227-familias-productoras-del-municipio-calamarca\/\">Seguro Agrario indemniza a 227 familias productoras del Municipio Calamarca<\/a><\/li>\n<li><a href=\"https:\/\/www.insa.gob.bo\/index.php\/nota_prensa\/productores-del-municipio-de-ancoraimes-reciben-el-pago-de-indemnizacion-del-seguro-agrario\/\">Productores del municipio de Ancoraimes reciben el pago de indemnizaci\u00f3n del Seguro Agrario<\/a><\/li>\n<li><a href=\"https:\/\/www.insa.gob.bo\/index.php\/nota_prensa\/el-instituto-del-seguro-agrario-rinde-cuentas-a-los-agricultores-en-el-municipio-de-ancoraimes\/\">El Instituto del Seguro Agrario rinde cuentas a los agricultores en el municipio de Ancoraimes<\/a><\/li>\n<li><a href=\"https:\/\/www.insa.gob.bo\/index.php\/nota_prensa\/el-instituto-del-seguro-agrario-participo-de-la-cumbre-nacional-tierra-y-territorio\/\">El Instituto del Seguro Agrario particip\u00f3 de la Cumbre Nacional Tierra y Territorio<\/a><\/li>\n<li><a href=\"https:\/\/www.insa.gob.bo\/index.php\/nota_prensa\/se-socializa-el-seguro-agrario-a-traves-de-actividades-ludicas-en-el-dia-del-nino\/\">Se socializa el Seguro Agrario a trav\u00e9s de actividades l\u00fadicas en el d\u00eda del ni\u00f1o<\/a><\/li>\n<li><a href=\"https:\/\/www.insa.gob.bo\/index.php\/nota_prensa\/la-ruta-de-la-quinua-muestra-magia-cultura-y-valores-alrededor-de-este-valioso-alimento\/\">La Ruta de la Quinua muestra magia, cultura y valores alrededor de este valioso alimento<\/a><\/li>\n<li><a href=\"https:\/\/www.insa.gob.bo\/index.php\/nota_prensa\/el-insa-evalua-reporte-de-danos-en-43-comunidades-indigenas-guaranies-del-chaco-cruceno\/\">El INSA eval\u00faa reporte de da\u00f1os en 43 comunidades ind\u00edgenas Guaran\u00edes del Chaco Cruce\u00f1o<\/a><\/li>\n<li><a href=\"https:\/\/www.insa.gob.bo\/index.php\/nota_prensa\/el-instituto-del-seguro-agrario-continua-realizando-la-verificacion-y-evaluacion-de-cultivos-afectados\/\">El Instituto del Seguro Agrario contin\u00faa realizando la verificaci\u00f3n y evaluaci\u00f3n de cultivos afectados<\/a><\/li>\n<li><a href=\"https:\/\/www.insa.gob.bo\/index.php\/nota_prensa\/periodistas-de-diferentes-medios-reciben-informacion-acerca-de-los-procedimientos-del-seguro-agrario\/\">Periodistas de diferentes medios reciben informaci\u00f3n acerca de los procedimientos del Seguro Agrario<\/a><\/li>\n<li><a href=\"https:\/\/www.insa.gob.bo\/index.php\/nota_prensa\/insa-verifica-mas-de-3-500-hectareas-de-cultivos-reportados-como-danados\/\">INSA verifica m\u00e1s de 3.500 hect\u00e1reas de cultivos reportados como da\u00f1ados<\/a><\/li>\n<li><a href=\"https:\/\/www.insa.gob.bo\/index.php\/nota_prensa\/105-870-productores-de-107-municipios-cuentan-con-cobertura-de-seguro-para-esta-campana-agricola\/\">105.870 productores de 107 Municipios cuentan con cobertura de seguro para esta campa\u00f1a agr\u00edcola<\/a><\/li>\n<li><a href=\"https:\/\/www.insa.gob.bo\/index.php\/nota_prensa\/91-mil-hectareas-contaron-por-primera-vez-en-bolivia-con-cobertura-de-seguro-en-la-campana-agricola-2012-2013\/\">91 mil hect\u00e1reas contaron por primera vez en Bolivia con cobertura de seguro en la campa\u00f1a agr\u00edcola 2012 - 2013<\/a><\/li>\n<li><a href=\"https:\/\/www.insa.gob.bo\/index.php\/nota_prensa\/pequenos-productores-del-municipio-de-toro-toro-y-vacas-son-indemnizados-con-128-000-bolivianos\/\">Peque\u00f1os productores del municipio de Toro Toro y Vacas son indemnizados con 128.000 bolivianos<\/a><\/li>\n<li><a href=\"https:\/\/www.insa.gob.bo\/index.php\/nota_prensa\/productores-del-municipio-del-choro-fueron-beneficiados-con-324-000-bs\/\">Productores del municipio del Choro fueron beneficiados con 324.000 Bs.<\/a><\/li>\n<li><a href=\"https:\/\/www.insa.gob.bo\/index.php\/nota_prensa\/tecnicos-del-insa-son-capacitados-en-verificacion-y-evaluacion-de-danos\/\">T\u00e9cnicos del INSA son capacitados en verificaci\u00f3n y evaluaci\u00f3n de da\u00f1os<\/a><\/li>\n<li><a href=\"https:\/\/www.insa.gob.bo\/index.php\/nota_prensa\/1-546-000-bs-para-los-agricultores-que-perdieron-sus-cosechas-en-cochabamba\/\">1.546.000 Bs. para los agricultores que perdieron sus cosechas en Cochabamba<\/a><\/li>\n<li><a href=\"https:\/\/www.insa.gob.bo\/index.php\/nota_prensa\/seguro-agrario-motiva-a-productores-de-azurduy-en-chuquisaca\/\">Seguro Agrario motiva a productores de Azurduy en Chuquisaca<\/a><\/li>\n<li><a href=\"https:\/\/www.insa.gob.bo\/index.php\/nota_prensa\/205-productores-reciben-indemnizacion-por-la-perdida-de-sus-cultivos-en-poroma\/\">205 productores reciben indemnizaci\u00f3n por la p\u00e9rdida de sus cultivos en Poroma<\/a><\/li>\n<li><a href=\"https:\/\/www.insa.gob.bo\/index.php\/nota_prensa\/el-insa-indemniza-a-mas-de-548-familias-de-productores-del-cono-sur-cochabambino\/\">El INSA indemniza a m\u00e1s de 548 familias de productores del cono sur cochabambino<\/a><\/li>\n<li><a href=\"https:\/\/www.insa.gob.bo\/index.php\/nota_prensa\/230-familias-de-productores-del-municipio-de-pasorapa-reciben-el-pago-de-indemnizacion-del-seguro\/\">230 familias de productores del municipio de Pasorapa reciben el pago de indemnizaci\u00f3n del seguro<\/a><\/li>\n<li><a href=\"https:\/\/www.insa.gob.bo\/index.php\/nota_prensa\/el-instituto-del-seguro-agrario-participo-de-la-expocruz-2013\/\">El Instituto del Seguro Agrario particip\u00f3 de la Expocruz 2013<\/a><\/li>\n<li><a href=\"https:\/\/www.insa.gob.bo\/index.php\/nota_prensa\/1-234-familias-del-municipio-de-colquechaca-del-departamento-de-potosi-se-benefician-con-la-indemnizacion-del-seguro-agrario\/\">1.234 familias del municipio de Colquechaca del departamento de Potos\u00ed se benefician con la indemnizaci\u00f3n del Seguro Agrario<\/a><\/li>\n<li><a href=\"https:\/\/www.insa.gob.bo\/index.php\/nota_prensa\/mas-de-1-millon-de-bs-para-indemnizar-a-52-comunidades-del-municipio-de-puna\/\">M\u00e1s de 1 mill\u00f3n de Bs. para indemnizar a 52 Comunidades del municipio de Puna<\/a><\/li>\n<li><a href=\"https:\/\/www.insa.gob.bo\/index.php\/nota_prensa\/productores-de-los-municipios-de-icla-zudanez-y-villa-alcala-son-indemnizados-con-78-000-bs\/\">Productores de los municipios de Icla, Zud\u00e1\u00f1ez y Villa Alcal\u00e1 son indemnizados con 78.000 Bs.<\/a><\/li>\n<\/ul>\n<h2 class=\"wsp-comunicadoss-title\">Comunicados<\/h2>\n<ul class=\"wsp-comunicadoss-list\">\n<li><a href=\"https:\/\/www.insa.gob.bo\/index.php\/comunicados\/27723\/\">Audiencia de Rendici\u00f3n P\u00fablica de Cuentas Final 2025<\/a><\/li>\n<li><a href=\"https:\/\/www.insa.gob.bo\/index.php\/comunicados\/taller-experiencias-de-buenas-practicas-resilientes-y-gestion-de-riesgos-agropecuarios-con-sistema-de-alerta-temprana\/\">Taller experiencias de buenas pr\u00e1cticas resilientes y gesti\u00f3n de riesgos agropecuarios con sistema de alerta temprana<\/a><\/li>\n<\/ul>\n<h2 class=\"wsp-cursoss-title\">Cursos<\/h2>\n<ul class=\"wsp-cursoss-list\">\n<li><a href=\"https:\/\/www.insa.gob.bo\/index.php\/cursos\/lorem-titulo-curso\/\">Lorem Titulo Curso<\/a><\/li>\n<li><a href=\"https:\/\/www.insa.gob.bo\/index.php\/cursos\/curso-2\/\">Lorem curso 1<\/a><\/li>\n<li><a href=\"https:\/\/www.insa.gob.bo\/index.php\/cursos\/curso-1\/\">Lorem T\u00edtulo Curso<\/a><\/li>\n<\/ul>\n<h2 class=\"wsp-autoridads-title\">Autoridades<\/h2>\n<ul class=\"wsp-autoridads-list\">\n<li><a href=\"https:\/\/www.insa.gob.bo\/index.php\/autoridad\/juan-pablo-coimbra-roda\/\">Autoridad<\/a><\/li>\n<\/ul>\n<h2 class=\"wsp-documentoss-title\">Documento<\/h2>\n<ul class=\"wsp-documentoss-list\">\n<li><a href=\"https:\/\/www.insa.gob.bo\/index.php\/documentos\/informe-de-seguimiento-y-evaluacion-poa-2025-2do-trimestre\/\">INFORME DE SEGUIMIENTO Y EVALUACION POA 2025 (2DO TRIMESTRE)<\/a><\/li>\n<li><a href=\"https:\/\/www.insa.gob.bo\/index.php\/documentos\/nomina-de-proveedores-gestion-2022\/\">NOMINA DE PROVEEDORES GESTI\u00d3N 2022<\/a><\/li>\n<li><a href=\"https:\/\/www.insa.gob.bo\/index.php\/documentos\/programa-operativo-anual-2015\/\">Programa Operativo Anual 2015<\/a><\/li>\n<li><a href=\"https:\/\/www.insa.gob.bo\/index.php\/documentos\/programa-operativo-anual-2016\/\">Programa Operativo Anual 2016<\/a><\/li>\n<li><a href=\"https:\/\/www.insa.gob.bo\/index.php\/documentos\/programa-operativo-anual-2017\/\">Programa Operativo Anual 2017<\/a><\/li>\n<li><a href=\"https:\/\/www.insa.gob.bo\/index.php\/documentos\/programa-operativo-anual-2018\/\">Programa Operativo Anual 2018<\/a><\/li>\n<li><a href=\"https:\/\/www.insa.gob.bo\/index.php\/documentos\/programa-operativo-anual-2019\/\">Programa Operativo Anual 2019<\/a><\/li>\n<li><a href=\"https:\/\/www.insa.gob.bo\/index.php\/documentos\/programa-operativo-anual-2020\/\">Programa Operativo Anual 2020<\/a><\/li>\n<li><a href=\"https:\/\/www.insa.gob.bo\/index.php\/documentos\/programa-operativo-anual-2021\/\">Programa Operativo Anual 2021<\/a><\/li>\n<li><a href=\"https:\/\/www.insa.gob.bo\/index.php\/documentos\/programa-operativo-anual-2022\/\">Programa Operativo Anual 2022<\/a><\/li>\n<li><a href=\"https:\/\/www.insa.gob.bo\/index.php\/documentos\/programa-operativo-anual-2023\/\">Programa Operativo Anual 2023<\/a><\/li>\n<li><a href=\"https:\/\/www.insa.gob.bo\/index.php\/documentos\/programa-operativo-anual-2024\/\">Programa Operativo Anual 2024<\/a><\/li>\n<li><a href=\"https:\/\/www.insa.gob.bo\/index.php\/documentos\/programa-operativo-anual-2025\/\">Programa Operativo Anual 2025<\/a><\/li>\n<li><a href=\"https:\/\/www.insa.gob.bo\/index.php\/documentos\/plan-estrategico-institucional-2021-2025-pei\/\">Plan Estrat\u00e9gico Institucional 2021-2025 (PEI)<\/a><\/li>\n<li><a href=\"https:\/\/www.insa.gob.bo\/index.php\/documentos\/plan-estrategico-institucional-2016-2020-pei\/\">Plan Estrat\u00e9gico Institucional 2016-2020 (PEI)<\/a><\/li>\n<\/ul>\n<h2 class=\"wsp-rendicion_cuentas-title\">Rendici\u00f3n p\u00fablica de cuentas<\/h2>\n<ul class=\"wsp-rendicion_cuentas-list\">\n<li><a href=\"https:\/\/www.insa.gob.bo\/index.php\/rendicion_cuenta\/rendicion-de-cuentas-final-2025\/\">Rendici\u00f3n de Cuentas Final 2025<\/a><\/li>\n<li><a href=\"https:\/\/www.insa.gob.bo\/index.php\/rendicion_cuenta\/rendicion-de-cuentas-inicial-2025\/\">Rendici\u00f3n de Cuentas Inicial 2025<\/a><\/li>\n<li><a href=\"https:\/\/www.insa.gob.bo\/index.php\/rendicion_cuenta\/rendicion-de-cuentas-final-2017\/\">Rendici\u00f3n de Cuentas Final 2017<\/a><\/li>\n<li><a href=\"https:\/\/www.insa.gob.bo\/index.php\/rendicion_cuenta\/rendicion-de-cuentas-inicial-2024\/\">Rendici\u00f3n de Cuentas Inicial 2024<\/a><\/li>\n<li><a href=\"https:\/\/www.insa.gob.bo\/index.php\/rendicion_cuenta\/rendicion-de-cuentas-final-2024\/\">Rendici\u00f3n de Cuentas Final 2024<\/a><\/li>\n<li><a href=\"https:\/\/www.insa.gob.bo\/index.php\/rendicion_cuenta\/rendicion-de-cuentas-inicial-2023\/\">Rendici\u00f3n de Cuentas Inicial 2023<\/a><\/li>\n<li><a href=\"https:\/\/www.insa.gob.bo\/index.php\/rendicion_cuenta\/rendicion-de-cuentas-final-2023\/\">Rendici\u00f3n de Cuentas Final 2023<\/a><\/li>\n<li><a href=\"https:\/\/www.insa.gob.bo\/index.php\/rendicion_cuenta\/rendicion-de-cuentas-inicial-2022\/\">Rendici\u00f3n de Cuentas Inicial 2022<\/a><\/li>\n<li><a href=\"https:\/\/www.insa.gob.bo\/index.php\/rendicion_cuenta\/rendicion-de-cuentas-final-2022\/\">Rendici\u00f3n de Cuentas Final 2022<\/a><\/li>\n<li><a href=\"https:\/\/www.insa.gob.bo\/index.php\/rendicion_cuenta\/rendicion-de-cuentas-inicial-2021\/\">Rendici\u00f3n de Cuentas Inicial 2021<\/a><\/li>\n<li><a href=\"https:\/\/www.insa.gob.bo\/index.php\/rendicion_cuenta\/rendicion-de-cuentas-final-2021\/\">Rendici\u00f3n de Cuentas Final 2021<\/a><\/li>\n<li><a href=\"https:\/\/www.insa.gob.bo\/index.php\/rendicion_cuenta\/rendicion-de-cuentas-inicial-2020\/\">Rendici\u00f3n de Cuentas Inicial 2020<\/a><\/li>\n<li><a href=\"https:\/\/www.insa.gob.bo\/index.php\/rendicion_cuenta\/rendicion-de-cuentas-final-2020\/\">Rendici\u00f3n de Cuentas Final 2020<\/a><\/li>\n<li><a href=\"https:\/\/www.insa.gob.bo\/index.php\/rendicion_cuenta\/rendicion-de-cuentas-inicial-2019\/\">Rendici\u00f3n de Cuentas Inicial 2019<\/a><\/li>\n<li><a href=\"https:\/\/www.insa.gob.bo\/index.php\/rendicion_cuenta\/rendicion-de-cuentas-final-2019\/\">Rendici\u00f3n de Cuentas Final 2019<\/a><\/li>\n<li><a href=\"https:\/\/www.insa.gob.bo\/index.php\/rendicion_cuenta\/rendicion-de-cuentas-inicial-2018\/\">Rendici\u00f3n de Cuentas Inicial 2018<\/a><\/li>\n<li><a href=\"https:\/\/www.insa.gob.bo\/index.php\/rendicion_cuenta\/rendicion-de-cuentas-final-2018\/\">Rendici\u00f3n de Cuentas Final 2018<\/a><\/li>\n<li><a href=\"https:\/\/www.insa.gob.bo\/index.php\/rendicion_cuenta\/rendicion-de-cuentas-inicial-2017\/\">Rendici\u00f3n de Cuentas Inicial 2017<\/a><\/li>\n<li><a href=\"https:\/\/www.insa.gob.bo\/index.php\/rendicion_cuenta\/rendicion-de-cuentas-final-2016-2\/\">Rendici\u00f3n de Cuentas Final 2016<\/a><\/li>\n<li><a href=\"https:\/\/www.insa.gob.bo\/index.php\/rendicion_cuenta\/rendicion-de-cuentas-inicial-2016\/\">Rendici\u00f3n de Cuentas Inicial 2016<\/a><\/li>\n<li><a href=\"https:\/\/www.insa.gob.bo\/index.php\/rendicion_cuenta\/rendicion-de-cuentas-final-2015\/\">Rendici\u00f3n de Cuentas Final 2015<\/a><\/li>\n<li><a href=\"https:\/\/www.insa.gob.bo\/index.php\/rendicion_cuenta\/rendicion-final-de-cuentas-2014\/\">Rendici\u00f3n de Cuentas Final 2014<\/a><\/li>\n<li><a href=\"https:\/\/www.insa.gob.bo\/index.php\/rendicion_cuenta\/audiencia-final-de-rendicion-de-cuentas-2013\/\">Rendici\u00f3n de Cuentas Final 2013<\/a><\/li>\n<li><a href=\"https:\/\/www.insa.gob.bo\/index.php\/rendicion_cuenta\/lorem-rendicion-publica-de-cuentas\/\">Rendici\u00f3n de Cuentas Final 2012<\/a><\/li>\n<\/ul>\n<h2 class=\"wsp-indicadors-title\">Indicadores<\/h2>\n<ul class=\"wsp-indicadors-list\">\n<li><a href=\"https:\/\/www.insa.gob.bo\/index.php\/indicador\/lorem-indicadores-2\/\">Lorem Indicadores<\/a><\/li>\n<li><a href=\"https:\/\/www.insa.gob.bo\/index.php\/indicador\/lorem-indicadores\/\">Lorem Indicadores<\/a><\/li>\n<li><a href=\"https:\/\/www.insa.gob.bo\/index.php\/indicador\/lorem-indicadores-1\/\">Lorem Indicadores 1<\/a><\/li>\n<\/ul>\n<h2 class=\"wsp-libros-title\">Libros<\/h2>\n<ul class=\"wsp-libros-list\">\n<li><a href=\"https:\/\/www.insa.gob.bo\/index.php\/libro\/mecanismo-de-proteccion-social-en-emergencias-para-la-seguridad-alimentaria-compendio-estadistico-del-seguro-agrario-en-bolivia\/\">Mecanismo de Protecci\u00f3n Social en Emergencias para la Seguridad Alimentaria, Compendio Estad\u00edstico del Seguro Agrario en Bolivia<\/a><\/li>\n<li><a href=\"https:\/\/www.insa.gob.bo\/index.php\/libro\/riesgo-agricola-en-el-seguro-catastrofico\/\">Riesgo Agr\u00edcola en el Seguro Catastr\u00f3fico<\/a><\/li>\n<li><a href=\"https:\/\/www.insa.gob.bo\/index.php\/libro\/seguro-para-papa\/\">Seguro para Papa<\/a><\/li>\n<li><a href=\"https:\/\/www.insa.gob.bo\/index.php\/libro\/seguro-para-ganado-camelido\/\">Seguro para Ganado Cam\u00e9lido<\/a><\/li>\n<li><a href=\"https:\/\/www.insa.gob.bo\/index.php\/libro\/seguro-para-maiz\/\">Seguro para Ma\u00edz<\/a><\/li>\n<li><a href=\"https:\/\/www.insa.gob.bo\/index.php\/libro\/seguro-para-hortalizas-cebolla-zanahoria-y-tomate\/\">Seguro para Hortalizas (cebolla, zanahoria y tomate)<\/a><\/li>\n<li><a href=\"https:\/\/www.insa.gob.bo\/index.php\/libro\/seguro-para-el-cultivo-de-quinua\/\">Seguro para el Cultivo de Quinua<\/a><\/li>\n<li><a href=\"https:\/\/www.insa.gob.bo\/index.php\/libro\/seguro-para-el-cultivo-de-trigo-parametrico\/\">Seguro para el Cultivo de Trigo Param\u00e9trico<\/a><\/li>\n<li><a href=\"https:\/\/www.insa.gob.bo\/index.php\/libro\/seguro-para-el-cultivo-de-trigo\/\">Seguro para el Cultivo de Trigo<\/a><\/li>\n<li><a href=\"https:\/\/www.insa.gob.bo\/index.php\/libro\/seguro-para-el-cultivo-de-soya\/\">Seguro para el Cultivo de Soya<\/a><\/li>\n<\/ul>\n<h2 class=\"wsp-servidor_publicos-title\">Servidor p\u00fablico<\/h2>\n<ul class=\"wsp-servidor_publicos-list\">\n<li><a href=\"https:\/\/www.insa.gob.bo\/index.php\/servidor_publico\/richard-jordan-balcazar-sturzl\/\">Richard Jordan Balcazar St\u00fcrzl<\/a><\/li>\n<li><a href=\"https:\/\/www.insa.gob.bo\/index.php\/servidor_publico\/wara-del-carmen-veronica-sanchez-tapia\/\">Wara del Carmen Veronica Sanchez Tapia<\/a><\/li>\n<li><a href=\"https:\/\/www.insa.gob.bo\/index.php\/servidor_publico\/danitza-roca-stambuck\/\">Danitza Roca Stambuck<\/a><\/li>\n<li><a href=\"https:\/\/www.insa.gob.bo\/index.php\/servidor_publico\/alvaro-andre-bruckner-suarez\/\">Alvaro Andre Bruckner Suarez<\/a><\/li>\n<li><a href=\"https:\/\/www.insa.gob.bo\/index.php\/servidor_publico\/juan-carlos-tupa-arnez\/\">Juan Carlos Tupa Arnez<\/a><\/li>\n<li><a href=\"https:\/\/www.insa.gob.bo\/index.php\/servidor_publico\/diana-rocio-rosales-mamani\/\">Juan Pablo Coimbra Roda<\/a><\/li>\n<li><a href=\"https:\/\/www.insa.gob.bo\/index.php\/servidor_publico\/nelson-calvimontes-zenteno\/\">Nelson Calvimontes Zenteno<\/a><\/li>\n<li><a href=\"https:\/\/www.insa.gob.bo\/index.php\/servidor_publico\/williams-fernando-lopez-morato\/\">Ronald Ibarra Quiroga<\/a><\/li>\n<li><a href=\"https:\/\/www.insa.gob.bo\/index.php\/servidor_publico\/vidal-pacheco-acho\/\">Marco Antonio Choque Lezano<\/a><\/li>\n<li><a href=\"https:\/\/www.insa.gob.bo\/index.php\/servidor_publico\/ronald-cano-alcala\/\">Ronald Cano Alcala<\/a><\/li>\n<li><a href=\"https:\/\/www.insa.gob.bo\/index.php\/servidor_publico\/erick-chipana-tacachiri\/\">Erick Chipana Tacachiri<\/a><\/li>\n<li><a href=\"https:\/\/www.insa.gob.bo\/index.php\/servidor_publico\/nestor-burgoa-aguilar\/\">Nestor Burgoa Aguilar<\/a><\/li>\n<li><a href=\"https:\/\/www.insa.gob.bo\/index.php\/servidor_publico\/carlos-alberto-alipaz-flores\/\">Carlos Alberto Alipaz Flores<\/a><\/li>\n<li><a href=\"https:\/\/www.insa.gob.bo\/index.php\/servidor_publico\/wilson-mamani-patzi\/\">Wilson Mamani Patzi<\/a><\/li>\n<li><a href=\"https:\/\/www.insa.gob.bo\/index.php\/servidor_publico\/hugo-sucojayo-gutierrez\/\">Hugo Sucojayo Gutierrez<\/a><\/li>\n<li><a href=\"https:\/\/www.insa.gob.bo\/index.php\/servidor_publico\/eliseo-quisbert-flores\/\">Eliseo Quisbert Flores<\/a><\/li>\n<li><a href=\"https:\/\/www.insa.gob.bo\/index.php\/servidor_publico\/carlos-casto-mamani-vasquez\/\">Carlos Casto Mamani Vasquez<\/a><\/li>\n<li><a href=\"https:\/\/www.insa.gob.bo\/index.php\/servidor_publico\/hernan-chali-quispe-rodriguez\/\">Charles Soria Galvarro Uracoti<\/a><\/li>\n<li><a href=\"https:\/\/www.insa.gob.bo\/index.php\/servidor_publico\/beto-humberto-huaqui-barrenoso\/\">Beto Humberto Huaqui Barrenoso<\/a><\/li>\n<li><a href=\"https:\/\/www.insa.gob.bo\/index.php\/servidor_publico\/carlos-mollo-huanca\/\">Moises Jhunior Mogrovejo Montenegro<\/a><\/li>\n<li><a href=\"https:\/\/www.insa.gob.bo\/index.php\/servidor_publico\/wendy-grissel-tito-pilco\/\">Wendy Grissel Tito Pilco<\/a><\/li>\n<li><a href=\"https:\/\/www.insa.gob.bo\/index.php\/servidor_publico\/reynaldo-aguirre-ayala\/\">Reynaldo Aguirre Ayala<\/a><\/li>\n<li><a href=\"https:\/\/www.insa.gob.bo\/index.php\/servidor_publico\/marcelo-waskar-choque-morales\/\">Carlos Calvimontes Villanueva<\/a><\/li>\n<li><a href=\"https:\/\/www.insa.gob.bo\/index.php\/servidor_publico\/jose-luis-macuchapi-tarqui\/\">Jose Luis Macuchapi Tarqui<\/a><\/li>\n<li><a href=\"https:\/\/www.insa.gob.bo\/index.php\/servidor_publico\/gilda-jaqueline-ergueta-palacios\/\">Brigitte Ninoska Vargas Uribe<\/a><\/li>\n<li><a href=\"https:\/\/www.insa.gob.bo\/index.php\/servidor_publico\/ida-rebeca-cuquendo-achimo\/\">Ida Rebeca Cuquendo Achimo<\/a><\/li>\n<li><a href=\"https:\/\/www.insa.gob.bo\/index.php\/servidor_publico\/14534\/\">Daniel Garc\u00eda Viscarra<\/a><\/li>\n<\/ul>\n<h2 class=\"wsp-herramientas-title\">Herramientas Digitales<\/h2>\n<ul class=\"wsp-herramientas-list\">\n<li><a href=\"https:\/\/www.insa.gob.bo\/index.php\/herramienta\/lorem-ipsum-herramientas-digitales\/\">Lorem Ipsum Herramientas Digitales<\/a><\/li>\n<\/ul>\n<h2 class=\"wsp-tipo_documentos-title\">Documentos<\/h2>\n<ul class=\"wsp-tipo_documentos-list\">\n<li><a href=\"https:\/\/www.insa.gob.bo\/index.php\/tipo_documento\/documentos-pei\/\">Documentos PEI<\/a><\/li>\n<li><a href=\"https:\/\/www.insa.gob.bo\/index.php\/tipo_documento\/documentos-poa\/\">Documentos POA<\/a><\/li>\n<li><a href=\"https:\/\/www.insa.gob.bo\/index.php\/tipo_documento\/proveedores\/\">Proveedores<\/a><\/li>\n<li><a href=\"https:\/\/www.insa.gob.bo\/index.php\/tipo_documento\/seguimiento-y-evaluacion-al-poa\/\">Seguimiento y Evaluaci\u00f3n al POA<\/a><\/li>\n<\/ul>\n<\/div>\n\n\n\n<p><\/p>\n","protected":false},"excerpt":{"rendered":"","protected":false},"author":1,"featured_media":0,"parent":0,"menu_order":0,"comment_status":"closed","ping_status":"closed","template":"template\/mapa_sitio-template.php","meta":{"_acf_changed":false,"footnotes":""},"class_list":["post-5809","page","type-page","status-publish","hentry"],"acf":[],"_links":{"self":[{"href":"https:\/\/www.insa.gob.bo\/index.php\/wp-json\/wp\/v2\/pages\/5809","targetHints":{"allow":["GET"]}}],"collection":[{"href":"https:\/\/www.insa.gob.bo\/index.php\/wp-json\/wp\/v2\/pages"}],"about":[{"href":"https:\/\/www.insa.gob.bo\/index.php\/wp-json\/wp\/v2\/types\/page"}],"author":[{"embeddable":true,"href":"https:\/\/www.insa.gob.bo\/index.php\/wp-json\/wp\/v2\/users\/1"}],"replies":[{"embeddable":true,"href":"https:\/\/www.insa.gob.bo\/index.php\/wp-json\/wp\/v2\/comments?post=5809"}],"version-history":[{"count":2,"href":"https:\/\/www.insa.gob.bo\/index.php\/wp-json\/wp\/v2\/pages\/5809\/revisions"}],"predecessor-version":[{"id":17110,"href":"https:\/\/www.insa.gob.bo\/index.php\/wp-json\/wp\/v2\/pages\/5809\/revisions\/17110"}],"wp:attachment":[{"href":"https:\/\/www.insa.gob.bo\/index.php\/wp-json\/wp\/v2\/media?parent=5809"}],"curies":[{"name":"wp","href":"https:\/\/api.w.org\/{rel}","templated":true}]}}